{"id":1680,"date":"2018-02-12T13:32:26","date_gmt":"2018-02-12T13:32:26","guid":{"rendered":"http:\/\/kommunikation.gaertnerhkk.de\/?page_id=1680"},"modified":"2018-02-12T13:32:26","modified_gmt":"2018-02-12T13:32:26","slug":"spezialmodul-b1-berufssprachkurse-gem-%c2%a745a-aufenthg","status":"publish","type":"page","link":"http:\/\/kommunikation.gaertnerhkk.de\/?page_id=1680","title":{"rendered":"Spezialmodul B1 . Berufssprachkurse (Gem. \u00a745a AufenthG)"},"content":{"rendered":"<p>Berufssprachkurse (DeuF\u00f6V) &#8211;<br \/>\nSpezialmodul <b>B1*<\/b><\/p>\n<p><b>\u00a0<\/b><\/p>\n<p class=\"hide-if-no-js\"><a id=\"set-post-thumbnail\" class=\"thickbox\" href=\"http:\/\/kommunikation.gaertnerhkk.de\/wp-admin\/media-upload.php?post_id=1680&amp;type=image&amp;TB_iframe=1\" aria-describedby=\"set-post-thumbnail-desc\"><img loading=\"lazy\" decoding=\"async\" class=\"attachment-266x266 size-266x266 alignright\" src=\"http:\/\/kommunikation.gaertnerhkk.de\/wp-content\/uploads\/2016\/05\/Fotolia_102295765_S-300x300.jpg\" sizes=\"(max-width: 266px) 100vw, 266px\" srcset=\"http:\/\/kommunikation.gaertnerhkk.de\/wp-content\/uploads\/2016\/05\/Fotolia_102295765_S-300x300.jpg 300w, http:\/\/kommunikation.gaertnerhkk.de\/wp-content\/uploads\/2016\/05\/Fotolia_102295765_S-150x150.jpg 150w, http:\/\/kommunikation.gaertnerhkk.de\/wp-content\/uploads\/2016\/05\/Fotolia_102295765_S-120x120.jpg 120w, http:\/\/kommunikation.gaertnerhkk.de\/wp-content\/uploads\/2016\/05\/Fotolia_102295765_S-70x70.jpg 70w, http:\/\/kommunikation.gaertnerhkk.de\/wp-content\/uploads\/2016\/05\/Fotolia_102295765_S-180x180.jpg 180w\" alt=\"\" width=\"266\" height=\"266\" \/><\/a><\/p>\n<p><b>Der Berufssprachkurs ist f\u00fcr Teilnehmer, die bisher das<br \/>\nNiveau A2 erreicht haben. <\/b><\/p>\n<p>&nbsp;<\/p>\n<p>W\u00e4hrend des Integrationskurses lernen Zugewanderte die deutsche Alltagssprache. In daran anschlie\u00dfenden berufsbezogenen Sprach\u2013 und Qualifizierungsmodulen werden arbeitssuchende Gefl\u00fcchtete und Migranten f\u00fcr den Arbeitsmarkt geschult.<\/p>\n<p>Sie besitzen Deutschsprachkenntnisse auf dem Niveau A2 und wollen qualifiziert auf dem deutschen Arbeitsmarkt kommen. Dann k\u00f6nnen Sie an einem Kurs teilnehmen!*<\/p>\n<p><b>Zus\u00e4tzlich zum Deutschkurs bieten wir**<\/b><\/p>\n<ul>\n<li>Beratung\u00a0 und Unterst\u00fctzung bei Bedarf<\/li>\n<li>Berufsorientierung und Coaching<\/li>\n<\/ul>\n<p>Wer an den Modulen der nationalen berufsbezogenen Deutschsprachf\u00f6rderung teilnehmen kann, entscheiden die Agenturen f\u00fcr Arbeit und das Jobcenter. Sprechen Sie mit Ihrem Berater oder Ihrer Beraterin.<\/p>\n<p><b>Voraussetzungen<\/b><\/p>\n<p>Sie sind zugewandert, einschlie\u00dflich der Gefl\u00fcchteten mit guter Bleibeperspektive oder B\u00fcrger und B\u00fcrgerinnen der EU oder Deutsche mit Migrationshintergrund.<\/p>\n<p><b>F\u00f6rderung<\/b><\/p>\n<p>Das Bundesamt f\u00fcr Migration und Fl\u00fcchtlinge f\u00f6rdert alle Zielgruppen, der Kurs ist f\u00fcr Sie kostenfrei, au\u00dfer bei vorliegender Erwerbst\u00e4tigkeit ohne erg\u00e4nzende soziale Leistungen.<\/p>\n<p><b>Fragen<\/b><\/p>\n<p>Weitere Informationen erhalten Sie gerne in einem pers\u00f6nlichen Gespr\u00e4ch oder einem Telefonat.<\/p>\n<p><b>Dauer<\/b><\/p>\n<p>400 UE \u2014 Deutsch\u2014Zielniveau B1 inkl. sozialp\u00e4dagogischer Begleitung<\/p>\n<p>Wahlmodule nach gebuchtem Umfang<\/p>\n<p>&nbsp;<\/p>\n<p><b>Sie ben\u00f6tigen f\u00fcr die verbindliche Anmeldung<\/b><\/p>\n<p>Berechtigungsschein ausgestellt durch die Agentur f\u00fcr Arbeit, Jobcenter . Sprachkenntnisse A2<\/p>\n<p>&nbsp;<\/p>\n<p><b>Abschluss: <\/b>Zertifikat Deutsch B1<\/p>\n<p><b>\u00a0<\/b><\/p>\n<p>* Gef\u00f6rdert durch Bundesamt f\u00fcr Migration und Fl\u00fcchtlinge<\/p>\n<p>** Gef\u00f6rdert durch Jobcenter, Agentur f\u00fcr Arbeit\u00a0 .. .<\/p>\n<p>Ma\u00dfnahme Nr. 555\/329\/16 (Gruppencoaching)<\/p>\n<p>Ma\u00dfnahme Nr. 555\/322\/17 (Einzelcoaching)<\/p>\n<p>&nbsp;<\/p>\n","protected":false},"excerpt":{"rendered":"Berufssprachkurse (DeuF\u00f6V) &#8211; Spezialmodul B1* \u00a0 Der Berufssprachkurs ist f\u00fcr Teilnehmer, die bisher das Niveau A2 erreicht haben. &nbsp; W\u00e4hrend des Integrationskurses lernen Zugewanderte die deutsche Alltagssprache. In daran anschlie\u00dfenden berufsbezogenen Sprach\u2013 und Qualifizierungsmodulen werden arbeitssuchende Gefl\u00fcchtete und Migranten f\u00fcr den Arbeitsmarkt geschult. Sie besitzen Deutschsprachkenntnisse auf dem Niveau A2 und wollen qualifiziert auf dem ","protected":false},"author":1,"featured_media":1294,"parent":1528,"menu_order":0,"comment_status":"closed","ping_status":"closed","template":"","meta":{"footnotes":""},"class_list":["post-1680","page","type-page","status-publish","has-post-thumbnail","hentry"],"yoast_head":"<!-- This site is optimized with the Yoast SEO plugin v23.1 - https:\/\/yoast.com\/wordpress\/plugins\/seo\/ -->\n<title>Spezialmodul B1 . Berufssprachkurse (Gem. \u00a745a AufenthG) - gaertner hkk<\/title>\n<meta name=\"robots\" content=\"index, follow, max-snippet:-1, max-image-preview:large, max-video-preview:-1\" \/>\n<link rel=\"canonical\" href=\"http:\/\/kommunikation.gaertnerhkk.de\/?page_id=1680\" \/>\n<meta property=\"og:locale\" content=\"de_DE\" \/>\n<meta property=\"og:type\" content=\"article\" \/>\n<meta property=\"og:title\" content=\"Spezialmodul B1 . Berufssprachkurse (Gem. \u00a745a AufenthG) - gaertner hkk\" \/>\n<meta property=\"og:description\" content=\"Berufssprachkurse (DeuF\u00f6V) &#8211; Spezialmodul B1* \u00a0 Der Berufssprachkurs ist f\u00fcr Teilnehmer, die bisher das Niveau A2 erreicht haben. &nbsp; W\u00e4hrend des Integrationskurses lernen Zugewanderte die deutsche Alltagssprache. In daran anschlie\u00dfenden berufsbezogenen Sprach\u2013 und Qualifizierungsmodulen werden arbeitssuchende Gefl\u00fcchtete und Migranten f\u00fcr den Arbeitsmarkt geschult. Sie besitzen Deutschsprachkenntnisse auf dem Niveau A2 und wollen qualifiziert auf dem\" \/>\n<meta property=\"og:url\" content=\"http:\/\/kommunikation.gaertnerhkk.de\/?page_id=1680\" \/>\n<meta property=\"og:site_name\" content=\"gaertner hkk\" \/>\n<meta property=\"article:publisher\" content=\"https:\/\/www.facebook.com\/gaertnerhkk.de\" \/>\n<meta property=\"og:image\" content=\"http:\/\/kommunikation.gaertnerhkk.de\/wp-content\/uploads\/2016\/05\/Fotolia_102295765_S.jpg\" \/>\n\t<meta property=\"og:image:width\" content=\"1010\" \/>\n\t<meta property=\"og:image:height\" content=\"475\" \/>\n\t<meta property=\"og:image:type\" content=\"image\/jpeg\" \/>\n<meta name=\"twitter:card\" content=\"summary_large_image\" \/>\n<meta name=\"twitter:label1\" content=\"Gesch\u00e4tzte Lesezeit\" \/>\n\t<meta name=\"twitter:data1\" content=\"1 Minute\" \/>\n<script type=\"application\/ld+json\" class=\"yoast-schema-graph\">{\"@context\":\"https:\/\/schema.org\",\"@graph\":[{\"@type\":\"WebPage\",\"@id\":\"http:\/\/kommunikation.gaertnerhkk.de\/?page_id=1680\",\"url\":\"http:\/\/kommunikation.gaertnerhkk.de\/?page_id=1680\",\"name\":\"Spezialmodul B1 . Berufssprachkurse (Gem. \u00a745a AufenthG) - gaertner hkk\",\"isPartOf\":{\"@id\":\"http:\/\/kommunikation.gaertnerhkk.de\/#website\"},\"primaryImageOfPage\":{\"@id\":\"http:\/\/kommunikation.gaertnerhkk.de\/?page_id=1680#primaryimage\"},\"image\":{\"@id\":\"http:\/\/kommunikation.gaertnerhkk.de\/?page_id=1680#primaryimage\"},\"thumbnailUrl\":\"http:\/\/kommunikation.gaertnerhkk.de\/wp-content\/uploads\/2016\/05\/Fotolia_102295765_S.jpg\",\"datePublished\":\"2018-02-12T13:32:26+00:00\",\"dateModified\":\"2018-02-12T13:32:26+00:00\",\"breadcrumb\":{\"@id\":\"http:\/\/kommunikation.gaertnerhkk.de\/?page_id=1680#breadcrumb\"},\"inLanguage\":\"de-DE\",\"potentialAction\":[{\"@type\":\"ReadAction\",\"target\":[\"http:\/\/kommunikation.gaertnerhkk.de\/?page_id=1680\"]}]},{\"@type\":\"ImageObject\",\"inLanguage\":\"de-DE\",\"@id\":\"http:\/\/kommunikation.gaertnerhkk.de\/?page_id=1680#primaryimage\",\"url\":\"http:\/\/kommunikation.gaertnerhkk.de\/wp-content\/uploads\/2016\/05\/Fotolia_102295765_S.jpg\",\"contentUrl\":\"http:\/\/kommunikation.gaertnerhkk.de\/wp-content\/uploads\/2016\/05\/Fotolia_102295765_S.jpg\",\"width\":1010,\"height\":475},{\"@type\":\"BreadcrumbList\",\"@id\":\"http:\/\/kommunikation.gaertnerhkk.de\/?page_id=1680#breadcrumb\",\"itemListElement\":[{\"@type\":\"ListItem\",\"position\":1,\"name\":\"Home\",\"item\":\"http:\/\/kommunikation.gaertnerhkk.de\/\"},{\"@type\":\"ListItem\",\"position\":2,\"name\":\"Berufsbezogenen Sprachf\u00f6rderung gem. \u00a7 45a\",\"item\":\"http:\/\/kommunikation.gaertnerhkk.de\/?page_id=1528\"},{\"@type\":\"ListItem\",\"position\":3,\"name\":\"Spezialmodul B1 . Berufssprachkurse (Gem. \u00a745a AufenthG)\"}]},{\"@type\":\"WebSite\",\"@id\":\"http:\/\/kommunikation.gaertnerhkk.de\/#website\",\"url\":\"http:\/\/kommunikation.gaertnerhkk.de\/\",\"name\":\"gaertner hkk\",\"description\":\"Bildungsmanufaktur\",\"potentialAction\":[{\"@type\":\"SearchAction\",\"target\":{\"@type\":\"EntryPoint\",\"urlTemplate\":\"http:\/\/kommunikation.gaertnerhkk.de\/?s={search_term_string}\"},\"query-input\":\"required name=search_term_string\"}],\"inLanguage\":\"de-DE\"}]}<\/script>\n<!-- \/ Yoast SEO plugin. -->","yoast_head_json":{"title":"Spezialmodul B1 . Berufssprachkurse (Gem. \u00a745a AufenthG) - gaertner hkk","robots":{"index":"index","follow":"follow","max-snippet":"max-snippet:-1","max-image-preview":"max-image-preview:large","max-video-preview":"max-video-preview:-1"},"canonical":"http:\/\/kommunikation.gaertnerhkk.de\/?page_id=1680","og_locale":"de_DE","og_type":"article","og_title":"Spezialmodul B1 . Berufssprachkurse (Gem. \u00a745a AufenthG) - gaertner hkk","og_description":"Berufssprachkurse (DeuF\u00f6V) &#8211; Spezialmodul B1* \u00a0 Der Berufssprachkurs ist f\u00fcr Teilnehmer, die bisher das Niveau A2 erreicht haben. &nbsp; W\u00e4hrend des Integrationskurses lernen Zugewanderte die deutsche Alltagssprache. In daran anschlie\u00dfenden berufsbezogenen Sprach\u2013 und Qualifizierungsmodulen werden arbeitssuchende Gefl\u00fcchtete und Migranten f\u00fcr den Arbeitsmarkt geschult. Sie besitzen Deutschsprachkenntnisse auf dem Niveau A2 und wollen qualifiziert auf dem","og_url":"http:\/\/kommunikation.gaertnerhkk.de\/?page_id=1680","og_site_name":"gaertner hkk","article_publisher":"https:\/\/www.facebook.com\/gaertnerhkk.de","og_image":[{"width":1010,"height":475,"url":"http:\/\/kommunikation.gaertnerhkk.de\/wp-content\/uploads\/2016\/05\/Fotolia_102295765_S.jpg","type":"image\/jpeg"}],"twitter_card":"summary_large_image","twitter_misc":{"Gesch\u00e4tzte Lesezeit":"1 Minute"},"schema":{"@context":"https:\/\/schema.org","@graph":[{"@type":"WebPage","@id":"http:\/\/kommunikation.gaertnerhkk.de\/?page_id=1680","url":"http:\/\/kommunikation.gaertnerhkk.de\/?page_id=1680","name":"Spezialmodul B1 . Berufssprachkurse (Gem. \u00a745a AufenthG) - gaertner hkk","isPartOf":{"@id":"http:\/\/kommunikation.gaertnerhkk.de\/#website"},"primaryImageOfPage":{"@id":"http:\/\/kommunikation.gaertnerhkk.de\/?page_id=1680#primaryimage"},"image":{"@id":"http:\/\/kommunikation.gaertnerhkk.de\/?page_id=1680#primaryimage"},"thumbnailUrl":"http:\/\/kommunikation.gaertnerhkk.de\/wp-content\/uploads\/2016\/05\/Fotolia_102295765_S.jpg","datePublished":"2018-02-12T13:32:26+00:00","dateModified":"2018-02-12T13:32:26+00:00","breadcrumb":{"@id":"http:\/\/kommunikation.gaertnerhkk.de\/?page_id=1680#breadcrumb"},"inLanguage":"de-DE","potentialAction":[{"@type":"ReadAction","target":["http:\/\/kommunikation.gaertnerhkk.de\/?page_id=1680"]}]},{"@type":"ImageObject","inLanguage":"de-DE","@id":"http:\/\/kommunikation.gaertnerhkk.de\/?page_id=1680#primaryimage","url":"http:\/\/kommunikation.gaertnerhkk.de\/wp-content\/uploads\/2016\/05\/Fotolia_102295765_S.jpg","contentUrl":"http:\/\/kommunikation.gaertnerhkk.de\/wp-content\/uploads\/2016\/05\/Fotolia_102295765_S.jpg","width":1010,"height":475},{"@type":"BreadcrumbList","@id":"http:\/\/kommunikation.gaertnerhkk.de\/?page_id=1680#breadcrumb","itemListElement":[{"@type":"ListItem","position":1,"name":"Home","item":"http:\/\/kommunikation.gaertnerhkk.de\/"},{"@type":"ListItem","position":2,"name":"Berufsbezogenen Sprachf\u00f6rderung gem. \u00a7 45a","item":"http:\/\/kommunikation.gaertnerhkk.de\/?page_id=1528"},{"@type":"ListItem","position":3,"name":"Spezialmodul B1 . Berufssprachkurse (Gem. \u00a745a AufenthG)"}]},{"@type":"WebSite","@id":"http:\/\/kommunikation.gaertnerhkk.de\/#website","url":"http:\/\/kommunikation.gaertnerhkk.de\/","name":"gaertner hkk","description":"Bildungsmanufaktur","potentialAction":[{"@type":"SearchAction","target":{"@type":"EntryPoint","urlTemplate":"http:\/\/kommunikation.gaertnerhkk.de\/?s={search_term_string}"},"query-input":"required name=search_term_string"}],"inLanguage":"de-DE"}]}},"_links":{"self":[{"href":"http:\/\/kommunikation.gaertnerhkk.de\/index.php?rest_route=\/wp\/v2\/pages\/1680"}],"collection":[{"href":"http:\/\/kommunikation.gaertnerhkk.de\/index.php?rest_route=\/wp\/v2\/pages"}],"about":[{"href":"http:\/\/kommunikation.gaertnerhkk.de\/index.php?rest_route=\/wp\/v2\/types\/page"}],"author":[{"embeddable":true,"href":"http:\/\/kommunikation.gaertnerhkk.de\/index.php?rest_route=\/wp\/v2\/users\/1"}],"replies":[{"embeddable":true,"href":"http:\/\/kommunikation.gaertnerhkk.de\/index.php?rest_route=%2Fwp%2Fv2%2Fcomments&post=1680"}],"version-history":[{"count":1,"href":"http:\/\/kommunikation.gaertnerhkk.de\/index.php?rest_route=\/wp\/v2\/pages\/1680\/revisions"}],"predecessor-version":[{"id":1681,"href":"http:\/\/kommunikation.gaertnerhkk.de\/index.php?rest_route=\/wp\/v2\/pages\/1680\/revisions\/1681"}],"up":[{"embeddable":true,"href":"http:\/\/kommunikation.gaertnerhkk.de\/index.php?rest_route=\/wp\/v2\/pages\/1528"}],"wp:featuredmedia":[{"embeddable":true,"href":"http:\/\/kommunikation.gaertnerhkk.de\/index.php?rest_route=\/wp\/v2\/media\/1294"}],"wp:attachment":[{"href":"http:\/\/kommunikation.gaertnerhkk.de\/index.php?rest_route=%2Fwp%2Fv2%2Fmedia&parent=1680"}],"curies":[{"name":"wp","href":"https:\/\/api.w.org\/{rel}","templated":true}]}}