{"id":2071,"date":"2022-07-04T13:15:17","date_gmt":"2022-07-04T13:15:17","guid":{"rendered":"http:\/\/kommunikation.gaertnerhkk.de\/?page_id=2071"},"modified":"2022-07-04T13:15:18","modified_gmt":"2022-07-04T13:15:18","slug":"news-skills-digitaler-wandel-im-handel","status":"publish","type":"page","link":"http:\/\/kommunikation.gaertnerhkk.de\/?page_id=2071","title":{"rendered":"NEWS Skills &#8211; Digitaler Wandel im Handel"},"content":{"rendered":"\n<div class=\"wp-block-columns is-layout-flex wp-container-core-columns-is-layout-2 wp-block-columns-is-layout-flex\">\n<div class=\"wp-block-column is-layout-flow wp-block-column-is-layout-flow\" style=\"flex-basis:100%\">\n<div class=\"wp-block-columns is-layout-flex wp-container-core-columns-is-layout-1 wp-block-columns-is-layout-flex\">\n<div class=\"wp-block-column is-layout-flow wp-block-column-is-layout-flow\">\n<p><strong>Digitaler Wandel im Handel<\/strong><\/p>\n\n\n\n<p>Mit&nbsp; diesem Seminar st\u00e4rken Sie ihre zukunftsgerichtete und arbeitsmarktrelevante Qualifikation.<\/p>\n\n\n\n<p>Vielf\u00e4ltige Fachinformationen sowie eine begleitende pers\u00f6nliche Entwicklungsstrategie bereiten Sie auf den erfolgreichen Einstieg in den modernen Arbeitsalltag vor.<\/p>\n<\/div>\n\n\n\n<div class=\"wp-block-column is-layout-flow wp-block-column-is-layout-flow\">\n<figure class=\"wp-block-image size-large is-resized editor:no-caption ext-mb-0 is-style-default\"><img loading=\"lazy\" decoding=\"async\" src=\"https:\/\/images.unsplash.com\/photo-1612831197310-ff5cf7a211b6?w=1600&amp;h=2133&amp;crop=entropy,faces&amp;fit=crop\" alt=\"\" width=\"221\" height=\"295\"\/><\/figure>\n<\/div>\n<\/div>\n<\/div>\n<\/div>\n\n\n\n<div class=\"wp-block-columns is-layout-flex wp-container-core-columns-is-layout-5 wp-block-columns-is-layout-flex\">\n<div class=\"wp-block-column is-layout-flow wp-block-column-is-layout-flow\" style=\"flex-basis:100%\">\n<div class=\"wp-block-columns is-layout-flex wp-container-core-columns-is-layout-4 wp-block-columns-is-layout-flex\">\n<div class=\"wp-block-column is-layout-flow wp-block-column-is-layout-flow\" style=\"flex-basis:100%\">\n<div class=\"wp-block-columns is-layout-flex wp-container-core-columns-is-layout-3 wp-block-columns-is-layout-flex\">\n<div class=\"wp-block-column is-layout-flow wp-block-column-is-layout-flow\">\n<p><strong>Qualifizierungsziele<\/strong><\/p>\n\n\n\n<p><strong>Berufsanpassung <\/strong>im Bereich: Verkauf, Kundengespr\u00e4ch, Servicekommunikation, E-Commerce\u2013 und IT Grundlagen, Kassenwesen, Beschaffung, Fachsprache<\/p>\n\n\n\n<p><strong>Arbeitsmarkt<\/strong> : Basiswissen neuer Arbeitsmarkt, interne und externe wirtschaftliche Beziehungen, Anforderungen an das Unternehmen, \u00d6kologisches Handeln, Rolle des Arbeitnehmers im Betrieb, Tastaturschreiben, Bewerbungsprozess&nbsp;<\/p>\n\n\n\n<p><strong>Besch\u00e4ftigungsfelder <\/strong>finden Sie in Unternehmen, des Einzel,- Gro\u00df\u2013 und Au\u00dfenhandels. Herstellerbetriebe, die Ihre Produkte Online vermarkten, Im Internetversandhandel, in Touristikunternehmen, bei Logistik\u2013 und Mobilit\u00e4tsdienstleistern (Speditionen, Verkehrsbetriebe ) &#8230;<\/p>\n<\/div>\n<\/div>\n<\/div>\n<\/div>\n<\/div>\n<\/div>\n\n\n\n<p><strong>Zielgruppe<\/strong><\/p>\n\n\n\n<p><strong>Arbeitssuchende Erwachsene :<\/strong><\/p>\n\n\n\n<p>Mit oder ohne Berufsausbildung im Handel oder einschl\u00e4giger Erfahrung im station\u00e4ren Handel<\/p>\n\n\n\n<p>Insbesondere Frauen und Wiedereinsteiger-Innen oder Arbeitskr\u00e4fte (45+), die eine abgeschlossen Ausbildung bzw. Praxis mitbringen<\/p>\n\n\n\n<p>Die Ihren&nbsp; Arbeitsplatzes im Einzelhandel\/Handel&nbsp; sichern m\u00f6chten oder Ihre <br>Besch\u00e4ftigungsm\u00f6glichkeiten verbessern m\u00f6chten<\/p>\n\n\n\n<p>In der Anpassungsqualifizierung<\/p>\n\n\n\n<p><\/p>\n\n\n\n<p><\/p>\n\n\n\n<p><strong>F\u00f6rderung<\/strong>          <br>Weiterbildungsma\u00dfnahme nach \u00a781 &nbsp;&#8211; Ihr Arbeitsvermittler ber\u00e4t Sie!<\/p>\n\n\n\n<p><strong>Pr\u00e4senz<\/strong>: <br>Montag bis Freitag \u00e1 8 Ustd. &#8211; 8:30 h bis 15:15 h<\/p>\n\n\n\n<p><strong>Gesamt<\/strong>               <br>400 Trainingseinheiten \u00e1 45 Minuten &#8211; Virtueller Klassenraum: bei Bedarf<strong><br>Ausgestaltung<\/strong>    <br>Kleingruppen mit max. 8 Personen<strong><br>Abschluss <\/strong>          <br>Tr\u00e4gerinternes Zertifikat<\/p>\n\n\n\n<p class=\"has-medium-font-size\"><br><strong>Information      <\/strong>   <br>Bitte vereinbaren Sie einen Beratungstermin <\/p>\n\n\n\n<p class=\"has-large-font-size\">                         <strong>0 68 31 5 00 37 56  <\/strong>   <\/p>\n\n\n\n<figure class=\"wp-block-image size-full\"><a href=\"http:\/\/kommunikation.gaertnerhkk.de\/wp-content\/uploads\/2022\/07\/Sprechblase.jpg\"><img loading=\"lazy\" decoding=\"async\" width=\"281\" height=\"230\" src=\"http:\/\/kommunikation.gaertnerhkk.de\/wp-content\/uploads\/2022\/07\/Sprechblase.jpg\" alt=\"\" class=\"wp-image-2085\"\/><\/a><figcaption>gaertner hkk e.K. &#8211; Bildungsmanufaktur &#8211; Steinmetzstra\u00dfe 23 &#8211; 66763 Dillingen\/Saar<\/figcaption><\/figure>\n\n\n\n<p><\/p>\n\n\n\n<p><\/p>\n\n\n\n<div class=\"wp-block-group alignfull\"><div class=\"wp-block-group__inner-container is-layout-flow wp-block-group-is-layout-flow\">\n<div class=\"ext editor:no-inserter ext-py-lg wp-block-group alignfull ext-my-0\"><div class=\"wp-block-group__inner-container is-layout-constrained wp-block-group-is-layout-constrained\"><\/div><\/div>\n<\/div><\/div>\n","protected":false},"excerpt":{"rendered":"Digitaler Wandel im Handel Mit&nbsp; diesem Seminar st\u00e4rken Sie ihre zukunftsgerichtete und arbeitsmarktrelevante Qualifikation. Vielf\u00e4ltige Fachinformationen sowie eine begleitende pers\u00f6nliche Entwicklungsstrategie bereiten Sie auf den erfolgreichen Einstieg in den modernen Arbeitsalltag vor. Qualifizierungsziele Berufsanpassung im Bereich: Verkauf, Kundengespr\u00e4ch, Servicekommunikation, E-Commerce\u2013 und IT Grundlagen, Kassenwesen, Beschaffung, Fachsprache Arbeitsmarkt : Basiswissen neuer Arbeitsmarkt, interne und externe wirtschaftliche ","protected":false},"author":1,"featured_media":1676,"parent":0,"menu_order":0,"comment_status":"closed","ping_status":"closed","template":"","meta":{"footnotes":""},"class_list":["post-2071","page","type-page","status-publish","has-post-thumbnail","hentry"],"yoast_head":"<!-- This site is optimized with the Yoast SEO plugin v23.1 - https:\/\/yoast.com\/wordpress\/plugins\/seo\/ -->\n<title>NEWS Skills - Digitaler Wandel im Handel - gaertner hkk %<\/title>\n<meta name=\"description\" content=\"Digitaler Wandel im Handel Mit diesem Seminar st\u00e4rken Sie ihre zukunftsgerichtete und arbeitsmarktrelevante Qualifikation. Vielf\u00e4ltige Fachinformationen sowie eine begleitende pers\u00f6nliche Entwicklungsstrategie bereiten Sie auf den erfolgreichen Einstieg in den modernen Arbeitsalltag vor. Qualifizierungsziele: Berufsanpassung im Bereich: Verkauf, Kundengespr\u00e4ch, Servicekommunikation, E-Commerce\u2013 und IT Grundlagen, Kassenwesen, Beschaffung, Fachsprache Arbeitsmarkt : Basiswissen neuer Arbeitsmarkt, interne und externe wirtschaftliche Beziehungen, Anforderungen an das Unternehmen, \u00d6kologisches Handeln, Rolle des Arbeitnehmers im Betrieb, Tastaturschreiben, Bewerbungsprozess Besch\u00e4ftigungsfelder finden Sie in Unternehmen, des Einzel,- Gro\u00df\u2013 und Au\u00dfenhandels. Herstellerbetriebe, die Ihre Produkte Online vermarkten, Im Internetversandhandel, in Touristikunternehmen, bei Logistik\u2013 und Mobilit\u00e4tsdienstleistern (Speditionen, Verkehrsbetriebe ) ...\" \/>\n<meta name=\"robots\" content=\"index, follow, max-snippet:-1, max-image-preview:large, max-video-preview:-1\" \/>\n<link rel=\"canonical\" href=\"http:\/\/kommunikation.gaertnerhkk.de\/?page_id=2071\" \/>\n<meta property=\"og:locale\" content=\"de_DE\" \/>\n<meta property=\"og:type\" content=\"article\" \/>\n<meta property=\"og:title\" content=\"News Skills Digitaler Wandel im Handel\" \/>\n<meta property=\"og:description\" content=\"Digitaler Wandel im Handel Mit diesem Seminar st\u00e4rken Sie ihre zukunftsgerichtete und arbeitsmarktrelevante Qualifikation. Vielf\u00e4ltige Fachinformationen sowie eine begleitende pers\u00f6nliche Entwicklungsstrategie bereiten Sie auf den erfolgreichen Einstieg in den modernen Arbeitsalltag vor. Qualifizierungsziele: Berufsanpassung im Bereich: Verkauf, Kundengespr\u00e4ch, Servicekommunikation, E-Commerce\u2013 und IT Grundlagen, Kassenwesen, Beschaffung, Fachsprache Arbeitsmarkt : Basiswissen neuer Arbeitsmarkt, interne und externe wirtschaftliche Beziehungen, Anforderungen an das Unternehmen, \u00d6kologisches Handeln, Rolle des Arbeitnehmers im Betrieb, Tastaturschreiben, Bewerbungsprozess Besch\u00e4ftigungsfelder finden Sie in Unternehmen, des Einzel,- Gro\u00df\u2013 und Au\u00dfenhandels. Herstellerbetriebe, die Ihre Produkte Online vermarkten, Im Internetversandhandel, in Touristikunternehmen, bei Logistik\u2013 und Mobilit\u00e4tsdienstleistern (Speditionen, Verkehrsbetriebe ) ...\" \/>\n<meta property=\"og:url\" content=\"http:\/\/kommunikation.gaertnerhkk.de\/?page_id=2071\" \/>\n<meta property=\"og:site_name\" content=\"gaertner hkk\" \/>\n<meta property=\"article:publisher\" content=\"https:\/\/www.facebook.com\/gaertnerhkk.de\" \/>\n<meta property=\"article:modified_time\" content=\"2022-07-04T13:15:18+00:00\" \/>\n<meta property=\"og:image\" content=\"http:\/\/kommunikation.gaertnerhkk.de\/wp-content\/uploads\/2022\/07\/Sprechblase.jpg\" \/>\n\t<meta property=\"og:image:width\" content=\"281\" \/>\n\t<meta property=\"og:image:height\" content=\"230\" \/>\n\t<meta property=\"og:image:type\" content=\"image\/jpeg\" \/>\n<meta name=\"twitter:card\" content=\"summary_large_image\" \/>\n<meta name=\"twitter:label1\" content=\"Gesch\u00e4tzte Lesezeit\" \/>\n\t<meta name=\"twitter:data1\" content=\"2 Minuten\" \/>\n<script type=\"application\/ld+json\" class=\"yoast-schema-graph\">{\"@context\":\"https:\/\/schema.org\",\"@graph\":[{\"@type\":\"WebPage\",\"@id\":\"http:\/\/kommunikation.gaertnerhkk.de\/?page_id=2071\",\"url\":\"http:\/\/kommunikation.gaertnerhkk.de\/?page_id=2071\",\"name\":\"NEWS Skills - Digitaler Wandel im Handel - gaertner hkk %\",\"isPartOf\":{\"@id\":\"http:\/\/kommunikation.gaertnerhkk.de\/#website\"},\"primaryImageOfPage\":{\"@id\":\"http:\/\/kommunikation.gaertnerhkk.de\/?page_id=2071#primaryimage\"},\"image\":{\"@id\":\"http:\/\/kommunikation.gaertnerhkk.de\/?page_id=2071#primaryimage\"},\"thumbnailUrl\":\"http:\/\/kommunikation.gaertnerhkk.de\/wp-content\/uploads\/2018\/02\/shopping-2614150_1920-2.jpg\",\"datePublished\":\"2022-07-04T13:15:17+00:00\",\"dateModified\":\"2022-07-04T13:15:18+00:00\",\"description\":\"Digitaler Wandel im Handel Mit diesem Seminar st\u00e4rken Sie ihre zukunftsgerichtete und arbeitsmarktrelevante Qualifikation. Vielf\u00e4ltige Fachinformationen sowie eine begleitende pers\u00f6nliche Entwicklungsstrategie bereiten Sie auf den erfolgreichen Einstieg in den modernen Arbeitsalltag vor. Qualifizierungsziele: Berufsanpassung im Bereich: Verkauf, Kundengespr\u00e4ch, Servicekommunikation, E-Commerce\u2013 und IT Grundlagen, Kassenwesen, Beschaffung, Fachsprache Arbeitsmarkt : Basiswissen neuer Arbeitsmarkt, interne und externe wirtschaftliche Beziehungen, Anforderungen an das Unternehmen, \u00d6kologisches Handeln, Rolle des Arbeitnehmers im Betrieb, Tastaturschreiben, Bewerbungsprozess Besch\u00e4ftigungsfelder finden Sie in Unternehmen, des Einzel,- Gro\u00df\u2013 und Au\u00dfenhandels. Herstellerbetriebe, die Ihre Produkte Online vermarkten, Im Internetversandhandel, in Touristikunternehmen, bei Logistik\u2013 und Mobilit\u00e4tsdienstleistern (Speditionen, Verkehrsbetriebe ) ...\",\"breadcrumb\":{\"@id\":\"http:\/\/kommunikation.gaertnerhkk.de\/?page_id=2071#breadcrumb\"},\"inLanguage\":\"de-DE\",\"potentialAction\":[{\"@type\":\"ReadAction\",\"target\":[\"http:\/\/kommunikation.gaertnerhkk.de\/?page_id=2071\"]}]},{\"@type\":\"ImageObject\",\"inLanguage\":\"de-DE\",\"@id\":\"http:\/\/kommunikation.gaertnerhkk.de\/?page_id=2071#primaryimage\",\"url\":\"http:\/\/kommunikation.gaertnerhkk.de\/wp-content\/uploads\/2018\/02\/shopping-2614150_1920-2.jpg\",\"contentUrl\":\"http:\/\/kommunikation.gaertnerhkk.de\/wp-content\/uploads\/2018\/02\/shopping-2614150_1920-2.jpg\",\"width\":1920,\"height\":1280},{\"@type\":\"BreadcrumbList\",\"@id\":\"http:\/\/kommunikation.gaertnerhkk.de\/?page_id=2071#breadcrumb\",\"itemListElement\":[{\"@type\":\"ListItem\",\"position\":1,\"name\":\"Home\",\"item\":\"http:\/\/kommunikation.gaertnerhkk.de\/\"},{\"@type\":\"ListItem\",\"position\":2,\"name\":\"NEWS Skills &#8211; Digitaler Wandel im Handel\"}]},{\"@type\":\"WebSite\",\"@id\":\"http:\/\/kommunikation.gaertnerhkk.de\/#website\",\"url\":\"http:\/\/kommunikation.gaertnerhkk.de\/\",\"name\":\"gaertner hkk\",\"description\":\"Bildungsmanufaktur\",\"potentialAction\":[{\"@type\":\"SearchAction\",\"target\":{\"@type\":\"EntryPoint\",\"urlTemplate\":\"http:\/\/kommunikation.gaertnerhkk.de\/?s={search_term_string}\"},\"query-input\":\"required name=search_term_string\"}],\"inLanguage\":\"de-DE\"},{\"@type\":\"Person\",\"@id\":\"http:\/\/kommunikation.gaertnerhkk.de\/#\/schema\/person\/d05aaaadef4f18286349e0f161de1cdd\",\"name\":\"andrea\",\"sameAs\":[\"http:\/\/gaertnerhkk.de\"]}]}<\/script>\n<!-- \/ Yoast SEO plugin. -->","yoast_head_json":{"title":"NEWS Skills - Digitaler Wandel im Handel - gaertner hkk %","description":"Digitaler Wandel im Handel Mit diesem Seminar st\u00e4rken Sie ihre zukunftsgerichtete und arbeitsmarktrelevante Qualifikation. Vielf\u00e4ltige Fachinformationen sowie eine begleitende pers\u00f6nliche Entwicklungsstrategie bereiten Sie auf den erfolgreichen Einstieg in den modernen Arbeitsalltag vor. Qualifizierungsziele: Berufsanpassung im Bereich: Verkauf, Kundengespr\u00e4ch, Servicekommunikation, E-Commerce\u2013 und IT Grundlagen, Kassenwesen, Beschaffung, Fachsprache Arbeitsmarkt : Basiswissen neuer Arbeitsmarkt, interne und externe wirtschaftliche Beziehungen, Anforderungen an das Unternehmen, \u00d6kologisches Handeln, Rolle des Arbeitnehmers im Betrieb, Tastaturschreiben, Bewerbungsprozess Besch\u00e4ftigungsfelder finden Sie in Unternehmen, des Einzel,- Gro\u00df\u2013 und Au\u00dfenhandels. Herstellerbetriebe, die Ihre Produkte Online vermarkten, Im Internetversandhandel, in Touristikunternehmen, bei Logistik\u2013 und Mobilit\u00e4tsdienstleistern (Speditionen, Verkehrsbetriebe ) ...","robots":{"index":"index","follow":"follow","max-snippet":"max-snippet:-1","max-image-preview":"max-image-preview:large","max-video-preview":"max-video-preview:-1"},"canonical":"http:\/\/kommunikation.gaertnerhkk.de\/?page_id=2071","og_locale":"de_DE","og_type":"article","og_title":"News Skills Digitaler Wandel im Handel","og_description":"Digitaler Wandel im Handel Mit diesem Seminar st\u00e4rken Sie ihre zukunftsgerichtete und arbeitsmarktrelevante Qualifikation. Vielf\u00e4ltige Fachinformationen sowie eine begleitende pers\u00f6nliche Entwicklungsstrategie bereiten Sie auf den erfolgreichen Einstieg in den modernen Arbeitsalltag vor. Qualifizierungsziele: Berufsanpassung im Bereich: Verkauf, Kundengespr\u00e4ch, Servicekommunikation, E-Commerce\u2013 und IT Grundlagen, Kassenwesen, Beschaffung, Fachsprache Arbeitsmarkt : Basiswissen neuer Arbeitsmarkt, interne und externe wirtschaftliche Beziehungen, Anforderungen an das Unternehmen, \u00d6kologisches Handeln, Rolle des Arbeitnehmers im Betrieb, Tastaturschreiben, Bewerbungsprozess Besch\u00e4ftigungsfelder finden Sie in Unternehmen, des Einzel,- Gro\u00df\u2013 und Au\u00dfenhandels. Herstellerbetriebe, die Ihre Produkte Online vermarkten, Im Internetversandhandel, in Touristikunternehmen, bei Logistik\u2013 und Mobilit\u00e4tsdienstleistern (Speditionen, Verkehrsbetriebe ) ...","og_url":"http:\/\/kommunikation.gaertnerhkk.de\/?page_id=2071","og_site_name":"gaertner hkk","article_publisher":"https:\/\/www.facebook.com\/gaertnerhkk.de","article_modified_time":"2022-07-04T13:15:18+00:00","og_image":[{"width":281,"height":230,"url":"http:\/\/kommunikation.gaertnerhkk.de\/wp-content\/uploads\/2022\/07\/Sprechblase.jpg","type":"image\/jpeg"}],"twitter_card":"summary_large_image","twitter_misc":{"Gesch\u00e4tzte Lesezeit":"2 Minuten"},"schema":{"@context":"https:\/\/schema.org","@graph":[{"@type":"WebPage","@id":"http:\/\/kommunikation.gaertnerhkk.de\/?page_id=2071","url":"http:\/\/kommunikation.gaertnerhkk.de\/?page_id=2071","name":"NEWS Skills - Digitaler Wandel im Handel - gaertner hkk %","isPartOf":{"@id":"http:\/\/kommunikation.gaertnerhkk.de\/#website"},"primaryImageOfPage":{"@id":"http:\/\/kommunikation.gaertnerhkk.de\/?page_id=2071#primaryimage"},"image":{"@id":"http:\/\/kommunikation.gaertnerhkk.de\/?page_id=2071#primaryimage"},"thumbnailUrl":"http:\/\/kommunikation.gaertnerhkk.de\/wp-content\/uploads\/2018\/02\/shopping-2614150_1920-2.jpg","datePublished":"2022-07-04T13:15:17+00:00","dateModified":"2022-07-04T13:15:18+00:00","description":"Digitaler Wandel im Handel Mit diesem Seminar st\u00e4rken Sie ihre zukunftsgerichtete und arbeitsmarktrelevante Qualifikation. Vielf\u00e4ltige Fachinformationen sowie eine begleitende pers\u00f6nliche Entwicklungsstrategie bereiten Sie auf den erfolgreichen Einstieg in den modernen Arbeitsalltag vor. Qualifizierungsziele: Berufsanpassung im Bereich: Verkauf, Kundengespr\u00e4ch, Servicekommunikation, E-Commerce\u2013 und IT Grundlagen, Kassenwesen, Beschaffung, Fachsprache Arbeitsmarkt : Basiswissen neuer Arbeitsmarkt, interne und externe wirtschaftliche Beziehungen, Anforderungen an das Unternehmen, \u00d6kologisches Handeln, Rolle des Arbeitnehmers im Betrieb, Tastaturschreiben, Bewerbungsprozess Besch\u00e4ftigungsfelder finden Sie in Unternehmen, des Einzel,- Gro\u00df\u2013 und Au\u00dfenhandels. Herstellerbetriebe, die Ihre Produkte Online vermarkten, Im Internetversandhandel, in Touristikunternehmen, bei Logistik\u2013 und Mobilit\u00e4tsdienstleistern (Speditionen, Verkehrsbetriebe ) ...","breadcrumb":{"@id":"http:\/\/kommunikation.gaertnerhkk.de\/?page_id=2071#breadcrumb"},"inLanguage":"de-DE","potentialAction":[{"@type":"ReadAction","target":["http:\/\/kommunikation.gaertnerhkk.de\/?page_id=2071"]}]},{"@type":"ImageObject","inLanguage":"de-DE","@id":"http:\/\/kommunikation.gaertnerhkk.de\/?page_id=2071#primaryimage","url":"http:\/\/kommunikation.gaertnerhkk.de\/wp-content\/uploads\/2018\/02\/shopping-2614150_1920-2.jpg","contentUrl":"http:\/\/kommunikation.gaertnerhkk.de\/wp-content\/uploads\/2018\/02\/shopping-2614150_1920-2.jpg","width":1920,"height":1280},{"@type":"BreadcrumbList","@id":"http:\/\/kommunikation.gaertnerhkk.de\/?page_id=2071#breadcrumb","itemListElement":[{"@type":"ListItem","position":1,"name":"Home","item":"http:\/\/kommunikation.gaertnerhkk.de\/"},{"@type":"ListItem","position":2,"name":"NEWS Skills &#8211; Digitaler Wandel im Handel"}]},{"@type":"WebSite","@id":"http:\/\/kommunikation.gaertnerhkk.de\/#website","url":"http:\/\/kommunikation.gaertnerhkk.de\/","name":"gaertner hkk","description":"Bildungsmanufaktur","potentialAction":[{"@type":"SearchAction","target":{"@type":"EntryPoint","urlTemplate":"http:\/\/kommunikation.gaertnerhkk.de\/?s={search_term_string}"},"query-input":"required name=search_term_string"}],"inLanguage":"de-DE"},{"@type":"Person","@id":"http:\/\/kommunikation.gaertnerhkk.de\/#\/schema\/person\/d05aaaadef4f18286349e0f161de1cdd","name":"andrea","sameAs":["http:\/\/gaertnerhkk.de"]}]}},"_links":{"self":[{"href":"http:\/\/kommunikation.gaertnerhkk.de\/index.php?rest_route=\/wp\/v2\/pages\/2071"}],"collection":[{"href":"http:\/\/kommunikation.gaertnerhkk.de\/index.php?rest_route=\/wp\/v2\/pages"}],"about":[{"href":"http:\/\/kommunikation.gaertnerhkk.de\/index.php?rest_route=\/wp\/v2\/types\/page"}],"author":[{"embeddable":true,"href":"http:\/\/kommunikation.gaertnerhkk.de\/index.php?rest_route=\/wp\/v2\/users\/1"}],"replies":[{"embeddable":true,"href":"http:\/\/kommunikation.gaertnerhkk.de\/index.php?rest_route=%2Fwp%2Fv2%2Fcomments&post=2071"}],"version-history":[{"count":18,"href":"http:\/\/kommunikation.gaertnerhkk.de\/index.php?rest_route=\/wp\/v2\/pages\/2071\/revisions"}],"predecessor-version":[{"id":2094,"href":"http:\/\/kommunikation.gaertnerhkk.de\/index.php?rest_route=\/wp\/v2\/pages\/2071\/revisions\/2094"}],"wp:featuredmedia":[{"embeddable":true,"href":"http:\/\/kommunikation.gaertnerhkk.de\/index.php?rest_route=\/wp\/v2\/media\/1676"}],"wp:attachment":[{"href":"http:\/\/kommunikation.gaertnerhkk.de\/index.php?rest_route=%2Fwp%2Fv2%2Fmedia&parent=2071"}],"curies":[{"name":"wp","href":"https:\/\/api.w.org\/{rel}","templated":true}]}}