{"id":211,"date":"2015-06-26T09:47:13","date_gmt":"2015-06-26T09:47:13","guid":{"rendered":"http:\/\/kommunikation.gaertnerhkk.de\/?page_id=211"},"modified":"2016-06-16T15:41:44","modified_gmt":"2016-06-16T15:41:44","slug":"ihre-talente-ihr-ganz-persoenliches-budget","status":"publish","type":"page","link":"http:\/\/kommunikation.gaertnerhkk.de\/?page_id=211","title":{"rendered":"Ihre Talente! \u2013 Ihr ganz pers\u00f6nliches Budget!"},"content":{"rendered":"<h1>Potenzialanalyse &#8211; Unser Paketangebot<a id=\"set-post-thumbnail\" class=\"thickbox\" title=\"Beitragsbild festlegen\" href=\"http:\/\/kommunikation.gaertnerhkk.de\/wp-admin\/media-upload.php?post_id=211&amp;type=image&amp;TB_iframe=1\"><img loading=\"lazy\" decoding=\"async\" class=\"attachment-266x266 alignright\" src=\"http:\/\/kommunikation.gaertnerhkk.de\/wp-content\/uploads\/2015\/06\/20150506_195631-300x225.jpg\" alt=\"20150506_195631\" width=\"266\" height=\"200\" \/><\/a><\/h1>\n<p><strong>Wer bin ich, was kann ich, wo will ich hin?<\/strong><\/p>\n<p>Unsere Talent-Analyse hilft Ein-, Um- und Aufsteigern. Mit der Bestimmung Ihres Profils, der Analyse Ihrer St\u00e4rken und Interessen finden Sie die richtige Strategie f\u00fcr Ihre berufliche und private Karriere.<\/p>\n<p>Sie wollten immer schon genau wissen, was Ihre wirklichen St\u00e4rken und Schw\u00e4chen sind?<\/p>\n<p>Wir helfen Ihnen, Ihre Potenziale zu erkennen und die richtigen Wege zu gehen. Wir f\u00fchren mit Ihnen solide und wissenschaftlich fundierte Tests durch.<br \/>\nGemeinsam mit Ihrem Berater erarbeiten Sie Ihren T<strong>alentPlan.<\/strong><\/p>\n<p>Mit Hilfe unterschiedlicher Ans\u00e4tze, die auf verschiedene klassischen, testtheoretisch abgesicherte Methoden und unseren eigenen, selbstentwickelten Verfahren bestehen, werden Ihre soziale Kompetenz, Ihr Typ, Ihre Pers\u00f6nlichkeit, Ihre beruflichen St\u00e4rken und Schw\u00e4chen klar heraus gearbeitet.<\/p>\n<p>Die Interpretation zeigt Ihnen ein neues, objektives Bild: Ihre starken und schwachen Seiten.<\/p>\n<p>Gewiss wird Ihr neu <strong>gewonnenes F\u00e4higkeitsprofil<\/strong> Ihre Suche nach dem passenden Job\/T\u00e4tigkeitsprofil viel effektiver voranbringen,<strong> beruflicher Erfolg wird erzielbarer und die pers\u00f6nliche Lebensfreude wird zunehmen.<\/strong><\/p>\n<p>Termine:<\/p>\n<p>Rufen Sie uns an: <strong>0 68 31 \u2013 5 00 37 56<\/strong> oder hinterlassen Sie uns eine Nachricht \u00fcber das<\/p>\n<p><a href=\"http:\/\/www.allela.de\/kontakt.html\" target=\"_blank\">Kontaktformular<\/a><\/p>\n<p>&nbsp;<\/p>\n<p><strong>F\u00f6rderung durch die Agentur f\u00fcr Arbeit, JobCenter, sonstige Tr\u00e4ger m\u00f6glich<\/strong><\/p>\n","protected":false},"excerpt":{"rendered":"Potenzialanalyse &#8211; Unser Paketangebot Wer bin ich, was kann ich, wo will ich hin? Unsere Talent-Analyse hilft Ein-, Um- und Aufsteigern. Mit der Bestimmung Ihres Profils, der Analyse Ihrer St\u00e4rken und Interessen finden Sie die richtige Strategie f\u00fcr Ihre berufliche und private Karriere. Sie wollten immer schon genau wissen, was Ihre wirklichen St\u00e4rken und Schw\u00e4chen ","protected":false},"author":1,"featured_media":214,"parent":1221,"menu_order":0,"comment_status":"open","ping_status":"open","template":"","meta":{"footnotes":""},"class_list":["post-211","page","type-page","status-publish","has-post-thumbnail","hentry"],"yoast_head":"<!-- This site is optimized with the Yoast SEO plugin v23.1 - https:\/\/yoast.com\/wordpress\/plugins\/seo\/ -->\n<title>Ihre Talente! \u2013 Ihr ganz pers\u00f6nliches Budget! - gaertner hkk<\/title>\n<meta name=\"robots\" content=\"index, follow, max-snippet:-1, max-image-preview:large, max-video-preview:-1\" \/>\n<link rel=\"canonical\" href=\"http:\/\/kommunikation.gaertnerhkk.de\/?page_id=211\" \/>\n<meta property=\"og:locale\" content=\"de_DE\" \/>\n<meta property=\"og:type\" content=\"article\" \/>\n<meta property=\"og:title\" content=\"Ihre Talente! \u2013 Ihr ganz pers\u00f6nliches Budget! - gaertner hkk\" \/>\n<meta property=\"og:description\" content=\"Potenzialanalyse &#8211; Unser Paketangebot Wer bin ich, was kann ich, wo will ich hin? Unsere Talent-Analyse hilft Ein-, Um- und Aufsteigern. Mit der Bestimmung Ihres Profils, der Analyse Ihrer St\u00e4rken und Interessen finden Sie die richtige Strategie f\u00fcr Ihre berufliche und private Karriere. Sie wollten immer schon genau wissen, was Ihre wirklichen St\u00e4rken und Schw\u00e4chen\" \/>\n<meta property=\"og:url\" content=\"http:\/\/kommunikation.gaertnerhkk.de\/?page_id=211\" \/>\n<meta property=\"og:site_name\" content=\"gaertner hkk\" \/>\n<meta property=\"article:publisher\" content=\"https:\/\/www.facebook.com\/gaertnerhkk.de\" \/>\n<meta property=\"article:modified_time\" content=\"2016-06-16T15:41:44+00:00\" \/>\n<meta property=\"og:image\" content=\"http:\/\/kommunikation.gaertnerhkk.de\/wp-content\/uploads\/2015\/06\/20150506_195631.jpg\" \/>\n\t<meta property=\"og:image:width\" content=\"2048\" \/>\n\t<meta property=\"og:image:height\" content=\"1536\" \/>\n\t<meta property=\"og:image:type\" content=\"image\/jpeg\" \/>\n<meta name=\"twitter:card\" content=\"summary_large_image\" \/>\n<meta name=\"twitter:label1\" content=\"Gesch\u00e4tzte Lesezeit\" \/>\n\t<meta name=\"twitter:data1\" content=\"1 Minute\" \/>\n<script type=\"application\/ld+json\" class=\"yoast-schema-graph\">{\"@context\":\"https:\/\/schema.org\",\"@graph\":[{\"@type\":\"WebPage\",\"@id\":\"http:\/\/kommunikation.gaertnerhkk.de\/?page_id=211\",\"url\":\"http:\/\/kommunikation.gaertnerhkk.de\/?page_id=211\",\"name\":\"Ihre Talente! \u2013 Ihr ganz pers\u00f6nliches Budget! - gaertner hkk\",\"isPartOf\":{\"@id\":\"http:\/\/kommunikation.gaertnerhkk.de\/#website\"},\"primaryImageOfPage\":{\"@id\":\"http:\/\/kommunikation.gaertnerhkk.de\/?page_id=211#primaryimage\"},\"image\":{\"@id\":\"http:\/\/kommunikation.gaertnerhkk.de\/?page_id=211#primaryimage\"},\"thumbnailUrl\":\"http:\/\/kommunikation.gaertnerhkk.de\/wp-content\/uploads\/2015\/06\/20150506_195631.jpg\",\"datePublished\":\"2015-06-26T09:47:13+00:00\",\"dateModified\":\"2016-06-16T15:41:44+00:00\",\"breadcrumb\":{\"@id\":\"http:\/\/kommunikation.gaertnerhkk.de\/?page_id=211#breadcrumb\"},\"inLanguage\":\"de-DE\",\"potentialAction\":[{\"@type\":\"ReadAction\",\"target\":[\"http:\/\/kommunikation.gaertnerhkk.de\/?page_id=211\"]}]},{\"@type\":\"ImageObject\",\"inLanguage\":\"de-DE\",\"@id\":\"http:\/\/kommunikation.gaertnerhkk.de\/?page_id=211#primaryimage\",\"url\":\"http:\/\/kommunikation.gaertnerhkk.de\/wp-content\/uploads\/2015\/06\/20150506_195631.jpg\",\"contentUrl\":\"http:\/\/kommunikation.gaertnerhkk.de\/wp-content\/uploads\/2015\/06\/20150506_195631.jpg\",\"width\":2048,\"height\":1536},{\"@type\":\"BreadcrumbList\",\"@id\":\"http:\/\/kommunikation.gaertnerhkk.de\/?page_id=211#breadcrumb\",\"itemListElement\":[{\"@type\":\"ListItem\",\"position\":1,\"name\":\"Home\",\"item\":\"http:\/\/kommunikation.gaertnerhkk.de\/\"},{\"@type\":\"ListItem\",\"position\":2,\"name\":\"Angebot\",\"item\":\"http:\/\/kommunikation.gaertnerhkk.de\/?page_id=41\"},{\"@type\":\"ListItem\",\"position\":3,\"name\":\"Privatkunden\",\"item\":\"http:\/\/kommunikation.gaertnerhkk.de\/?page_id=1221\"},{\"@type\":\"ListItem\",\"position\":4,\"name\":\"Ihre Talente! \u2013 Ihr ganz pers\u00f6nliches Budget!\"}]},{\"@type\":\"WebSite\",\"@id\":\"http:\/\/kommunikation.gaertnerhkk.de\/#website\",\"url\":\"http:\/\/kommunikation.gaertnerhkk.de\/\",\"name\":\"gaertner hkk\",\"description\":\"Bildungsmanufaktur\",\"potentialAction\":[{\"@type\":\"SearchAction\",\"target\":{\"@type\":\"EntryPoint\",\"urlTemplate\":\"http:\/\/kommunikation.gaertnerhkk.de\/?s={search_term_string}\"},\"query-input\":\"required name=search_term_string\"}],\"inLanguage\":\"de-DE\"}]}<\/script>\n<!-- \/ Yoast SEO plugin. -->","yoast_head_json":{"title":"Ihre Talente! \u2013 Ihr ganz pers\u00f6nliches Budget! - gaertner hkk","robots":{"index":"index","follow":"follow","max-snippet":"max-snippet:-1","max-image-preview":"max-image-preview:large","max-video-preview":"max-video-preview:-1"},"canonical":"http:\/\/kommunikation.gaertnerhkk.de\/?page_id=211","og_locale":"de_DE","og_type":"article","og_title":"Ihre Talente! \u2013 Ihr ganz pers\u00f6nliches Budget! - gaertner hkk","og_description":"Potenzialanalyse &#8211; Unser Paketangebot Wer bin ich, was kann ich, wo will ich hin? Unsere Talent-Analyse hilft Ein-, Um- und Aufsteigern. Mit der Bestimmung Ihres Profils, der Analyse Ihrer St\u00e4rken und Interessen finden Sie die richtige Strategie f\u00fcr Ihre berufliche und private Karriere. Sie wollten immer schon genau wissen, was Ihre wirklichen St\u00e4rken und Schw\u00e4chen","og_url":"http:\/\/kommunikation.gaertnerhkk.de\/?page_id=211","og_site_name":"gaertner hkk","article_publisher":"https:\/\/www.facebook.com\/gaertnerhkk.de","article_modified_time":"2016-06-16T15:41:44+00:00","og_image":[{"width":2048,"height":1536,"url":"http:\/\/kommunikation.gaertnerhkk.de\/wp-content\/uploads\/2015\/06\/20150506_195631.jpg","type":"image\/jpeg"}],"twitter_card":"summary_large_image","twitter_misc":{"Gesch\u00e4tzte Lesezeit":"1 Minute"},"schema":{"@context":"https:\/\/schema.org","@graph":[{"@type":"WebPage","@id":"http:\/\/kommunikation.gaertnerhkk.de\/?page_id=211","url":"http:\/\/kommunikation.gaertnerhkk.de\/?page_id=211","name":"Ihre Talente! \u2013 Ihr ganz pers\u00f6nliches Budget! - gaertner hkk","isPartOf":{"@id":"http:\/\/kommunikation.gaertnerhkk.de\/#website"},"primaryImageOfPage":{"@id":"http:\/\/kommunikation.gaertnerhkk.de\/?page_id=211#primaryimage"},"image":{"@id":"http:\/\/kommunikation.gaertnerhkk.de\/?page_id=211#primaryimage"},"thumbnailUrl":"http:\/\/kommunikation.gaertnerhkk.de\/wp-content\/uploads\/2015\/06\/20150506_195631.jpg","datePublished":"2015-06-26T09:47:13+00:00","dateModified":"2016-06-16T15:41:44+00:00","breadcrumb":{"@id":"http:\/\/kommunikation.gaertnerhkk.de\/?page_id=211#breadcrumb"},"inLanguage":"de-DE","potentialAction":[{"@type":"ReadAction","target":["http:\/\/kommunikation.gaertnerhkk.de\/?page_id=211"]}]},{"@type":"ImageObject","inLanguage":"de-DE","@id":"http:\/\/kommunikation.gaertnerhkk.de\/?page_id=211#primaryimage","url":"http:\/\/kommunikation.gaertnerhkk.de\/wp-content\/uploads\/2015\/06\/20150506_195631.jpg","contentUrl":"http:\/\/kommunikation.gaertnerhkk.de\/wp-content\/uploads\/2015\/06\/20150506_195631.jpg","width":2048,"height":1536},{"@type":"BreadcrumbList","@id":"http:\/\/kommunikation.gaertnerhkk.de\/?page_id=211#breadcrumb","itemListElement":[{"@type":"ListItem","position":1,"name":"Home","item":"http:\/\/kommunikation.gaertnerhkk.de\/"},{"@type":"ListItem","position":2,"name":"Angebot","item":"http:\/\/kommunikation.gaertnerhkk.de\/?page_id=41"},{"@type":"ListItem","position":3,"name":"Privatkunden","item":"http:\/\/kommunikation.gaertnerhkk.de\/?page_id=1221"},{"@type":"ListItem","position":4,"name":"Ihre Talente! \u2013 Ihr ganz pers\u00f6nliches Budget!"}]},{"@type":"WebSite","@id":"http:\/\/kommunikation.gaertnerhkk.de\/#website","url":"http:\/\/kommunikation.gaertnerhkk.de\/","name":"gaertner hkk","description":"Bildungsmanufaktur","potentialAction":[{"@type":"SearchAction","target":{"@type":"EntryPoint","urlTemplate":"http:\/\/kommunikation.gaertnerhkk.de\/?s={search_term_string}"},"query-input":"required name=search_term_string"}],"inLanguage":"de-DE"}]}},"_links":{"self":[{"href":"http:\/\/kommunikation.gaertnerhkk.de\/index.php?rest_route=\/wp\/v2\/pages\/211"}],"collection":[{"href":"http:\/\/kommunikation.gaertnerhkk.de\/index.php?rest_route=\/wp\/v2\/pages"}],"about":[{"href":"http:\/\/kommunikation.gaertnerhkk.de\/index.php?rest_route=\/wp\/v2\/types\/page"}],"author":[{"embeddable":true,"href":"http:\/\/kommunikation.gaertnerhkk.de\/index.php?rest_route=\/wp\/v2\/users\/1"}],"replies":[{"embeddable":true,"href":"http:\/\/kommunikation.gaertnerhkk.de\/index.php?rest_route=%2Fwp%2Fv2%2Fcomments&post=211"}],"version-history":[{"count":10,"href":"http:\/\/kommunikation.gaertnerhkk.de\/index.php?rest_route=\/wp\/v2\/pages\/211\/revisions"}],"predecessor-version":[{"id":473,"href":"http:\/\/kommunikation.gaertnerhkk.de\/index.php?rest_route=\/wp\/v2\/pages\/211\/revisions\/473"}],"up":[{"embeddable":true,"href":"http:\/\/kommunikation.gaertnerhkk.de\/index.php?rest_route=\/wp\/v2\/pages\/1221"}],"wp:featuredmedia":[{"embeddable":true,"href":"http:\/\/kommunikation.gaertnerhkk.de\/index.php?rest_route=\/wp\/v2\/media\/214"}],"wp:attachment":[{"href":"http:\/\/kommunikation.gaertnerhkk.de\/index.php?rest_route=%2Fwp%2Fv2%2Fmedia&parent=211"}],"curies":[{"name":"wp","href":"https:\/\/api.w.org\/{rel}","templated":true}]}}