{"id":277,"date":"2015-06-26T11:05:51","date_gmt":"2015-06-26T11:05:51","guid":{"rendered":"http:\/\/kommunikation.gaertnerhkk.de\/?page_id=277"},"modified":"2021-09-22T14:03:40","modified_gmt":"2021-09-22T14:03:40","slug":"grundlagen-buchhaltung","status":"publish","type":"page","link":"http:\/\/kommunikation.gaertnerhkk.de\/?page_id=277","title":{"rendered":"Kundenkommunikation"},"content":{"rendered":"<p><b>Inhalte<a href=\"http:\/\/kommunikation.gaertnerhkk.de\/wp-content\/uploads\/2021\/09\/RZ_WBM_Bildungspraemie_WBA_1_RGB.jpg\"><img loading=\"lazy\" decoding=\"async\" class=\"alignleft  wp-image-2021\" src=\"http:\/\/kommunikation.gaertnerhkk.de\/wp-content\/uploads\/2021\/09\/RZ_WBM_Bildungspraemie_WBA_1_RGB-300x150.jpg\" alt=\"\" width=\"342\" height=\"171\" srcset=\"http:\/\/kommunikation.gaertnerhkk.de\/wp-content\/uploads\/2021\/09\/RZ_WBM_Bildungspraemie_WBA_1_RGB-300x150.jpg 300w, http:\/\/kommunikation.gaertnerhkk.de\/wp-content\/uploads\/2021\/09\/RZ_WBM_Bildungspraemie_WBA_1_RGB-1024x512.jpg 1024w, http:\/\/kommunikation.gaertnerhkk.de\/wp-content\/uploads\/2021\/09\/RZ_WBM_Bildungspraemie_WBA_1_RGB-768x384.jpg 768w, http:\/\/kommunikation.gaertnerhkk.de\/wp-content\/uploads\/2021\/09\/RZ_WBM_Bildungspraemie_WBA_1_RGB-1536x768.jpg 1536w, http:\/\/kommunikation.gaertnerhkk.de\/wp-content\/uploads\/2021\/09\/RZ_WBM_Bildungspraemie_WBA_1_RGB-2048x1024.jpg 2048w, http:\/\/kommunikation.gaertnerhkk.de\/wp-content\/uploads\/2021\/09\/RZ_WBM_Bildungspraemie_WBA_1_RGB-775x388.jpg 775w, http:\/\/kommunikation.gaertnerhkk.de\/wp-content\/uploads\/2021\/09\/RZ_WBM_Bildungspraemie_WBA_1_RGB-800x400.jpg 800w, http:\/\/kommunikation.gaertnerhkk.de\/wp-content\/uploads\/2021\/09\/RZ_WBM_Bildungspraemie_WBA_1_RGB-600x300.jpg 600w, http:\/\/kommunikation.gaertnerhkk.de\/wp-content\/uploads\/2021\/09\/RZ_WBM_Bildungspraemie_WBA_1_RGB-400x200.jpg 400w\" sizes=\"(max-width: 342px) 100vw, 342px\" \/><\/a><\/b><\/p>\n<p>Sie arbeiten und stehen im Kundenkontakt. Ihnen fehlt die richtige Struktur in der Kundenkommunikation?\u00a0 Dann erwerben und festigen Sie die n\u00f6tigen Sprachkenntnisse in Kleingruppen.\u00a0 \u00dcber drei Etappen erarbeiten Sie sich das notwendige Sprachwissen.<\/p>\n<p><a href=\"https:\/\/www.bildungspraemie.info\/\">Weitere Informationen zur Bildungspr\u00e4mie<\/a><\/p>\n<p><b>ETAPPE 1 . Einstufung und Lerntyp &#8211; Anmeldung<br \/>\n2 UStd.\u00a0 <\/b><b>(Pr\u00e4senz)<\/b><\/p>\n<p>Berufliche und sprachliche Situation.\u00a0Sprachliche Anforderungen Ihres Arbeitgebers, Voraussetzungen f\u00fcr den nachhaltigen Spracherwerb, Lernstrategien und \u2013methoden.<\/p>\n<p>Nach erfolgreichem Durchlauf und Feststellung des Sprachniveaus w\u00e4hlen Sie das entsprechende Modul aus Etappe 2 aus.<\/p>\n<p><b>ETAPPE 2. Kundenkommunikation (Einzeln buchbar)<br \/>\n<\/b><\/p>\n<p style=\"padding-left: 40px;\"><b>Modul\u00a0 A1\u2014 A2 90 UStd. <\/b><b>(60 UE Pr\u00e4senz)<\/b><\/p>\n<p style=\"padding-left: 40px;\"><b>Modul\u00a0 A2\u2014 B1 90 UStd. <\/b><b>(60 UE Pr\u00e4senz)<\/b><\/p>\n<p style=\"padding-left: 40px;\"><b>Modul B1\u2014 B2 90 UStd. <\/b><b>(60 UE Pr\u00e4senz)<\/b><\/p>\n<p>Der Schwerpunkt in der 2. Etappe liegt auf der Vermittlung von berufsbezogenem Wortschatz und der entsprechenden Grammatik.\u00a0 Sie trainieren: Sprechen, H\u00f6ren, Lesen, Schreiben .<\/p>\n<p>Nach Beendigung Ihres Wahlmoduls steigen Sie in Etappe 3 ein und bereiten sich auf Ihren Sprachtest vor.<\/p>\n<p><b>ETAPPE 3. Berufsknigge und Pr\u00fcfungstraining<\/b><\/p>\n<p><b> 22 UStd. <\/b><b>(Pr\u00e4senz)<\/b><\/p>\n<p>Neben der Sprache ist auch ein Verst\u00e4ndnis im Umgang mit Kunden ein wichtiger beruflicher Vorteil. Sie erfahren mehr \u00fcber die korrekte Ansprache und den Umgang mit u.a. schwierigen Kunden.\u00a0 Daneben bereiten Sie sich auf das Sprachzertifikat vor.<\/p>\n<p>Die Geb\u00fchren f\u00fcr die Anmeldung und den ersten Pr\u00fcfungsdurchlauf sind in den Kosten enthalten.<\/p>\n<p style=\"padding-left: 40px;\"><span style=\"color: #ff0000;\"><strong>Kursdauer: <\/strong><\/span><\/p>\n<p style=\"padding-left: 40px;\"><strong>84<\/strong> Unterrichtseinheiten in Pr\u00e4senz. <strong>30<\/strong> Unterrichtseinheiten Selbstlerneinheiten. .<\/p>\n<p style=\"padding-left: 40px;\">(Beispiel: Etappe 1: <strong>2 UE + Etappe 2: Modul A2-B1: 60 UE + Etappe 3: 22 UE)<\/strong><\/p>\n<p style=\"padding-left: 40px;\"><strong><span style=\"color: #ff0000;\">Kursgeb\u00fchr:<\/span><\/strong><\/p>\n<p style=\"padding-left: 40px;\"><span style=\"color: #000000;\">\u20ac 1.000,&#8211; (Beispiel: Etappe 1: <strong>2 UE + Etappe 2: Modul A2-B1: 60 UE + Etappe 3: 22 UE),<br \/>\neinschlie\u00dflich einer Sprachpr\u00fcfung<\/strong><\/span><\/p>\n<p style=\"padding-left: 40px;\">Jedes weitere Modul aus Etappe 2:\u00a0Modul A1 &#8211; A2, Modul B1 &#8211; B2<\/p>\n<p style=\"padding-left: 40px;\">\u20ac 595,&#8211;<\/p>\n<p style=\"padding-left: 40px;\"><strong><span style=\"color: #ff0000;\">Teilnehmerzahl:<\/span><\/strong><br \/>\nKursbeginn mit 4 Teilnehmern<\/p>\n<p style=\"padding-left: 40px;\"><strong><span style=\"color: #ff0000;\">Kurstermine:<br \/>\n<\/span><\/strong>Montag und Mittwoch: 17 h bis 19:30 h<\/p>\n<p class=\"hide-if-no-js\">\n<p><b><\/b><b><br \/>\n<\/b><\/p>\n<p>Wir sind nach \u00a7 6 Abs. 4 Satz 1 des Saarl\u00e4ndischen Bildungsfreistellungsgesetzes (SBFG) befugt, die Freistellungsbescheinigung f\u00fcr Besch\u00e4ftigte aus dem Saarland auszustellen. (http:\/\/www.saarland.de\/28787.htm)<\/p>\n","protected":false},"excerpt":{"rendered":"Inhalte Sie arbeiten und stehen im Kundenkontakt. Ihnen fehlt die richtige Struktur in der Kundenkommunikation?\u00a0 Dann erwerben und festigen Sie die n\u00f6tigen Sprachkenntnisse in Kleingruppen.\u00a0 \u00dcber drei Etappen erarbeiten Sie sich das notwendige Sprachwissen. Weitere Informationen zur Bildungspr\u00e4mie ETAPPE 1 . Einstufung und Lerntyp &#8211; Anmeldung 2 UStd.\u00a0 (Pr\u00e4senz) Berufliche und sprachliche Situation.\u00a0Sprachliche Anforderungen Ihres ","protected":false},"author":1,"featured_media":1306,"parent":41,"menu_order":0,"comment_status":"open","ping_status":"open","template":"","meta":{"footnotes":""},"class_list":["post-277","page","type-page","status-publish","has-post-thumbnail","hentry"],"yoast_head":"<!-- This site is optimized with the Yoast SEO plugin v23.1 - https:\/\/yoast.com\/wordpress\/plugins\/seo\/ -->\n<title>Kundenkommunikation - gaertner hkk<\/title>\n<meta name=\"robots\" content=\"index, follow, max-snippet:-1, max-image-preview:large, max-video-preview:-1\" \/>\n<link rel=\"canonical\" href=\"http:\/\/kommunikation.gaertnerhkk.de\/?page_id=277\" \/>\n<meta property=\"og:locale\" content=\"de_DE\" \/>\n<meta property=\"og:type\" content=\"article\" \/>\n<meta property=\"og:title\" content=\"Kundenkommunikation - gaertner hkk\" \/>\n<meta property=\"og:description\" content=\"Inhalte Sie arbeiten und stehen im Kundenkontakt. Ihnen fehlt die richtige Struktur in der Kundenkommunikation?\u00a0 Dann erwerben und festigen Sie die n\u00f6tigen Sprachkenntnisse in Kleingruppen.\u00a0 \u00dcber drei Etappen erarbeiten Sie sich das notwendige Sprachwissen. Weitere Informationen zur Bildungspr\u00e4mie ETAPPE 1 . Einstufung und Lerntyp &#8211; Anmeldung 2 UStd.\u00a0 (Pr\u00e4senz) Berufliche und sprachliche Situation.\u00a0Sprachliche Anforderungen Ihres\" \/>\n<meta property=\"og:url\" content=\"http:\/\/kommunikation.gaertnerhkk.de\/?page_id=277\" \/>\n<meta property=\"og:site_name\" content=\"gaertner hkk\" \/>\n<meta property=\"article:publisher\" content=\"https:\/\/www.facebook.com\/gaertnerhkk.de\" \/>\n<meta property=\"article:modified_time\" content=\"2021-09-22T14:03:40+00:00\" \/>\n<meta property=\"og:image\" content=\"http:\/\/kommunikation.gaertnerhkk.de\/wp-content\/uploads\/2016\/07\/Header-2a-1-e1469528943593.jpg\" \/>\n\t<meta property=\"og:image:width\" content=\"1332\" \/>\n\t<meta property=\"og:image:height\" content=\"466\" \/>\n\t<meta property=\"og:image:type\" content=\"image\/jpeg\" \/>\n<meta name=\"twitter:card\" content=\"summary_large_image\" \/>\n<meta name=\"twitter:label1\" content=\"Gesch\u00e4tzte Lesezeit\" \/>\n\t<meta name=\"twitter:data1\" content=\"2 Minuten\" \/>\n<script type=\"application\/ld+json\" class=\"yoast-schema-graph\">{\"@context\":\"https:\/\/schema.org\",\"@graph\":[{\"@type\":\"WebPage\",\"@id\":\"http:\/\/kommunikation.gaertnerhkk.de\/?page_id=277\",\"url\":\"http:\/\/kommunikation.gaertnerhkk.de\/?page_id=277\",\"name\":\"Kundenkommunikation - gaertner hkk\",\"isPartOf\":{\"@id\":\"http:\/\/kommunikation.gaertnerhkk.de\/#website\"},\"primaryImageOfPage\":{\"@id\":\"http:\/\/kommunikation.gaertnerhkk.de\/?page_id=277#primaryimage\"},\"image\":{\"@id\":\"http:\/\/kommunikation.gaertnerhkk.de\/?page_id=277#primaryimage\"},\"thumbnailUrl\":\"http:\/\/kommunikation.gaertnerhkk.de\/wp-content\/uploads\/2016\/07\/Header-2a-1-e1469528943593.jpg\",\"datePublished\":\"2015-06-26T11:05:51+00:00\",\"dateModified\":\"2021-09-22T14:03:40+00:00\",\"breadcrumb\":{\"@id\":\"http:\/\/kommunikation.gaertnerhkk.de\/?page_id=277#breadcrumb\"},\"inLanguage\":\"de-DE\",\"potentialAction\":[{\"@type\":\"ReadAction\",\"target\":[\"http:\/\/kommunikation.gaertnerhkk.de\/?page_id=277\"]}]},{\"@type\":\"ImageObject\",\"inLanguage\":\"de-DE\",\"@id\":\"http:\/\/kommunikation.gaertnerhkk.de\/?page_id=277#primaryimage\",\"url\":\"http:\/\/kommunikation.gaertnerhkk.de\/wp-content\/uploads\/2016\/07\/Header-2a-1-e1469528943593.jpg\",\"contentUrl\":\"http:\/\/kommunikation.gaertnerhkk.de\/wp-content\/uploads\/2016\/07\/Header-2a-1-e1469528943593.jpg\",\"width\":1332,\"height\":466},{\"@type\":\"BreadcrumbList\",\"@id\":\"http:\/\/kommunikation.gaertnerhkk.de\/?page_id=277#breadcrumb\",\"itemListElement\":[{\"@type\":\"ListItem\",\"position\":1,\"name\":\"Home\",\"item\":\"http:\/\/kommunikation.gaertnerhkk.de\/\"},{\"@type\":\"ListItem\",\"position\":2,\"name\":\"Angebot\",\"item\":\"http:\/\/kommunikation.gaertnerhkk.de\/?page_id=41\"},{\"@type\":\"ListItem\",\"position\":3,\"name\":\"Kundenkommunikation\"}]},{\"@type\":\"WebSite\",\"@id\":\"http:\/\/kommunikation.gaertnerhkk.de\/#website\",\"url\":\"http:\/\/kommunikation.gaertnerhkk.de\/\",\"name\":\"gaertner hkk\",\"description\":\"Bildungsmanufaktur\",\"potentialAction\":[{\"@type\":\"SearchAction\",\"target\":{\"@type\":\"EntryPoint\",\"urlTemplate\":\"http:\/\/kommunikation.gaertnerhkk.de\/?s={search_term_string}\"},\"query-input\":\"required name=search_term_string\"}],\"inLanguage\":\"de-DE\"}]}<\/script>\n<!-- \/ Yoast SEO plugin. -->","yoast_head_json":{"title":"Kundenkommunikation - gaertner hkk","robots":{"index":"index","follow":"follow","max-snippet":"max-snippet:-1","max-image-preview":"max-image-preview:large","max-video-preview":"max-video-preview:-1"},"canonical":"http:\/\/kommunikation.gaertnerhkk.de\/?page_id=277","og_locale":"de_DE","og_type":"article","og_title":"Kundenkommunikation - gaertner hkk","og_description":"Inhalte Sie arbeiten und stehen im Kundenkontakt. Ihnen fehlt die richtige Struktur in der Kundenkommunikation?\u00a0 Dann erwerben und festigen Sie die n\u00f6tigen Sprachkenntnisse in Kleingruppen.\u00a0 \u00dcber drei Etappen erarbeiten Sie sich das notwendige Sprachwissen. Weitere Informationen zur Bildungspr\u00e4mie ETAPPE 1 . Einstufung und Lerntyp &#8211; Anmeldung 2 UStd.\u00a0 (Pr\u00e4senz) Berufliche und sprachliche Situation.\u00a0Sprachliche Anforderungen Ihres","og_url":"http:\/\/kommunikation.gaertnerhkk.de\/?page_id=277","og_site_name":"gaertner hkk","article_publisher":"https:\/\/www.facebook.com\/gaertnerhkk.de","article_modified_time":"2021-09-22T14:03:40+00:00","og_image":[{"width":1332,"height":466,"url":"http:\/\/kommunikation.gaertnerhkk.de\/wp-content\/uploads\/2016\/07\/Header-2a-1-e1469528943593.jpg","type":"image\/jpeg"}],"twitter_card":"summary_large_image","twitter_misc":{"Gesch\u00e4tzte Lesezeit":"2 Minuten"},"schema":{"@context":"https:\/\/schema.org","@graph":[{"@type":"WebPage","@id":"http:\/\/kommunikation.gaertnerhkk.de\/?page_id=277","url":"http:\/\/kommunikation.gaertnerhkk.de\/?page_id=277","name":"Kundenkommunikation - gaertner hkk","isPartOf":{"@id":"http:\/\/kommunikation.gaertnerhkk.de\/#website"},"primaryImageOfPage":{"@id":"http:\/\/kommunikation.gaertnerhkk.de\/?page_id=277#primaryimage"},"image":{"@id":"http:\/\/kommunikation.gaertnerhkk.de\/?page_id=277#primaryimage"},"thumbnailUrl":"http:\/\/kommunikation.gaertnerhkk.de\/wp-content\/uploads\/2016\/07\/Header-2a-1-e1469528943593.jpg","datePublished":"2015-06-26T11:05:51+00:00","dateModified":"2021-09-22T14:03:40+00:00","breadcrumb":{"@id":"http:\/\/kommunikation.gaertnerhkk.de\/?page_id=277#breadcrumb"},"inLanguage":"de-DE","potentialAction":[{"@type":"ReadAction","target":["http:\/\/kommunikation.gaertnerhkk.de\/?page_id=277"]}]},{"@type":"ImageObject","inLanguage":"de-DE","@id":"http:\/\/kommunikation.gaertnerhkk.de\/?page_id=277#primaryimage","url":"http:\/\/kommunikation.gaertnerhkk.de\/wp-content\/uploads\/2016\/07\/Header-2a-1-e1469528943593.jpg","contentUrl":"http:\/\/kommunikation.gaertnerhkk.de\/wp-content\/uploads\/2016\/07\/Header-2a-1-e1469528943593.jpg","width":1332,"height":466},{"@type":"BreadcrumbList","@id":"http:\/\/kommunikation.gaertnerhkk.de\/?page_id=277#breadcrumb","itemListElement":[{"@type":"ListItem","position":1,"name":"Home","item":"http:\/\/kommunikation.gaertnerhkk.de\/"},{"@type":"ListItem","position":2,"name":"Angebot","item":"http:\/\/kommunikation.gaertnerhkk.de\/?page_id=41"},{"@type":"ListItem","position":3,"name":"Kundenkommunikation"}]},{"@type":"WebSite","@id":"http:\/\/kommunikation.gaertnerhkk.de\/#website","url":"http:\/\/kommunikation.gaertnerhkk.de\/","name":"gaertner hkk","description":"Bildungsmanufaktur","potentialAction":[{"@type":"SearchAction","target":{"@type":"EntryPoint","urlTemplate":"http:\/\/kommunikation.gaertnerhkk.de\/?s={search_term_string}"},"query-input":"required name=search_term_string"}],"inLanguage":"de-DE"}]}},"_links":{"self":[{"href":"http:\/\/kommunikation.gaertnerhkk.de\/index.php?rest_route=\/wp\/v2\/pages\/277"}],"collection":[{"href":"http:\/\/kommunikation.gaertnerhkk.de\/index.php?rest_route=\/wp\/v2\/pages"}],"about":[{"href":"http:\/\/kommunikation.gaertnerhkk.de\/index.php?rest_route=\/wp\/v2\/types\/page"}],"author":[{"embeddable":true,"href":"http:\/\/kommunikation.gaertnerhkk.de\/index.php?rest_route=\/wp\/v2\/users\/1"}],"replies":[{"embeddable":true,"href":"http:\/\/kommunikation.gaertnerhkk.de\/index.php?rest_route=%2Fwp%2Fv2%2Fcomments&post=277"}],"version-history":[{"count":9,"href":"http:\/\/kommunikation.gaertnerhkk.de\/index.php?rest_route=\/wp\/v2\/pages\/277\/revisions"}],"predecessor-version":[{"id":2026,"href":"http:\/\/kommunikation.gaertnerhkk.de\/index.php?rest_route=\/wp\/v2\/pages\/277\/revisions\/2026"}],"up":[{"embeddable":true,"href":"http:\/\/kommunikation.gaertnerhkk.de\/index.php?rest_route=\/wp\/v2\/pages\/41"}],"wp:featuredmedia":[{"embeddable":true,"href":"http:\/\/kommunikation.gaertnerhkk.de\/index.php?rest_route=\/wp\/v2\/media\/1306"}],"wp:attachment":[{"href":"http:\/\/kommunikation.gaertnerhkk.de\/index.php?rest_route=%2Fwp%2Fv2%2Fmedia&parent=277"}],"curies":[{"name":"wp","href":"https:\/\/api.w.org\/{rel}","templated":true}]}}