{"id":362,"date":"2015-06-26T13:27:14","date_gmt":"2015-06-26T13:27:14","guid":{"rendered":"http:\/\/kommunikation.gaertnerhkk.de\/?page_id=362"},"modified":"2016-07-27T10:25:00","modified_gmt":"2016-07-27T10:25:00","slug":"externenpruefung-ihk","status":"publish","type":"page","link":"http:\/\/kommunikation.gaertnerhkk.de\/?page_id=362","title":{"rendered":"Kaufleute im Einzelhandel und Verk\u00e4ufer-in"},"content":{"rendered":"<table border=\"0\" width=\"100%\" cellspacing=\"0\" cellpadding=\"5\">\n<tbody>\n<tr>\n<td colspan=\"2\" valign=\"middle\" bgcolor=\"#D7D6CA\"><b>Externenpr\u00fcfung &#8211; Kaufmann im Einzelhandel &#8211; Verk\u00e4ufer<br \/>\n<\/b><\/td>\n<td>\n<p class=\"hide-if-no-js\"><a id=\"set-post-thumbnail\" class=\"thickbox\" href=\"http:\/\/kommunikation.gaertnerhkk.de\/wp-admin\/media-upload.php?post_id=362&amp;type=image&amp;TB_iframe=1\"><img loading=\"lazy\" decoding=\"async\" class=\"attachment-266x266 size-266x266 alignright\" src=\"http:\/\/kommunikation.gaertnerhkk.de\/wp-content\/uploads\/2016\/07\/Header-2a-1-768x269.jpg\" sizes=\"(max-width: 266px) 100vw, 266px\" srcset=\"http:\/\/kommunikation.gaertnerhkk.de\/wp-content\/uploads\/2016\/07\/Header-2a-1-768x269.jpg 768w, http:\/\/kommunikation.gaertnerhkk.de\/wp-content\/uploads\/2016\/07\/Header-2a-1-300x105.jpg 300w, http:\/\/kommunikation.gaertnerhkk.de\/wp-content\/uploads\/2016\/07\/Header-2a-1-1024x358.jpg 1024w, http:\/\/kommunikation.gaertnerhkk.de\/wp-content\/uploads\/2016\/07\/Header-2a-1-e1469528943593.jpg 1332w\" alt=\"Header 2a\" width=\"266\" height=\"93\" \/><\/a><\/p>\n<\/td>\n<\/tr>\n<tr>\n<td bgcolor=\"#AA0000\"><\/td>\n<td><\/td>\n<td>\u00a0Externen Pr\u00fcfung IHK<\/td>\n<\/tr>\n<tr>\n<td><\/td>\n<td>G<b>rundlagen . Qualifikation . Verkauf<\/b><\/td>\n<td><\/td>\n<td><\/td>\n<\/tr>\n<tr>\n<td bgcolor=\"#A8A79F\"><\/td>\n<td colspan=\"2\"><b>Bestandsaufnahme der beruflichen Situation und Entwicklung<\/b><b> einer Ausbildungsstrategie.<\/b><\/td>\n<td><\/td>\n<\/tr>\n<tr>\n<td><\/td>\n<td align=\"left\" valign=\"top\">\n<ul type=\"square\">\n<li>Eignungsfeststellung<\/li>\n<li>Eine daraufhin zielgerichtete Optimierung der Bewerbungsunterlagen und Selbstpr\u00e4sentation<\/li>\n<li>Online Stellensuche und Bewerbung<\/li>\n<li>Umgang und Nutzung der Jobb\u00f6rse<\/li>\n<li>Systematische Recherche, Marktchancen bei Besch\u00e4ftigungschancen bei potentiellen Arbeitgebern<br \/>\nerschlie\u00dfen, Herstellung von Kontakten zu potenziellen Arbeitgebern.<\/li>\n<li>Erarbeitung alternativer Bewerbungsstrategien<\/li>\n<\/ul>\n<hr \/>\n<\/td>\n<td align=\"left\" valign=\"top\">\n<ul type=\"square\">\n<li>Vorbereitung, Planung und Training von Vorstellungs-gespr\u00e4chen mit Berufsknigge<\/li>\n<li>\u00a0Schl\u00fcsselqualifikationen, Softskills<\/li>\n<li>Grundlegende praxisorientierte EDV-Schulung<\/li>\n<li>Grundlagen MS-Office: Textverarbeitung mit WORD, Tabellenkalkulation mit EXCEL, Grundlagen Outlook\/Internet<\/li>\n<li>Individuelles Coaching und Unterst\u00fctzung bei allen beruflichen und pers\u00f6nlichen Fragen.<\/li>\n<li>Gezielte Berufsf\u00f6rderung und die Vermittlung von Fachtheorie*<\/li>\n<li>Entwicklung von Fachtheorie aus vorhandenem fachpraktischen Wissen<\/li>\n<li>Aktualisierung des Fachwissens<\/li>\n<li>Sprachf\u00f6rderung in Wort und Schrift<\/li>\n<li>Verringerung der Hilfebed\u00fcrftigkeit durch nachhaltige Selbstlernkonzepte<\/li>\n<\/ul>\n<\/td>\n<td><\/td>\n<\/tr>\n<tr>\n<td colspan=\"3\" bgcolor=\"#AA0000\"><\/td>\n<td><\/td>\n<\/tr>\n<tr>\n<td colspan=\"3\"><b>Fachtheorie:<br \/>\n<\/b><b>Individuelle Zusammenstellung aufgrund des vorhandenen und noch zu erwerbendem Fachwissen.<\/b><b>Grundlage: Rahmenausbildungsplan\u00a0 <\/b>160 Unterrichtseinheiten &#8211; berufsbegleitend &#8211; Voll-Teilzeit &#8211; Erweiterungsstunden m\u00f6glich<strong>F\u00f6rderung durch die Agentur f\u00fcr Arbeit, JobCenter, sonstige Tr\u00e4ger m\u00f6glich<\/strong><\/td>\n<td><\/td>\n<\/tr>\n<tr>\n<td bgcolor=\"#A8A79F\"><\/td>\n<td style=\"text-align: left;\" colspan=\"2\" align=\"center\" valign=\"middle\"><strong>Termine:<\/strong><\/p>\n<p style=\"text-align: left;\">Rufen Sie uns an: <strong>0 68 31 \u2013 5 00 37 56<\/strong> oder hinterlassen Sie uns eine Nachricht \u00fcber das <a href=\"http:\/\/kommunikation.gaertnerhkk.de\/?page_id=464\" target=\"_blank\">Kontaktformular<\/a><\/p>\n<p style=\"text-align: left;\">\n<\/td>\n<td><\/td>\n<\/tr>\n<tr>\n<td><\/td>\n<td bgcolor=\"#AA0000\"><strong><span style=\"color: #ffffff;\">Ausbildung hei\u00dft:<\/span><\/strong><\/p>\n<ul type=\"square\">\n<li><strong><span style=\"color: #ffffff;\">das zu lernen, von dem du nicht einmal wusstest, dass du es nicht wusstest.<\/span><\/strong><\/li>\n<\/ul>\n<p><strong><span style=\"color: #ffffff;\">(Ralph Emerson)<\/span><\/strong><\/td>\n<td><strong>\u00a0<\/strong><\/td>\n<\/tr>\n<\/tbody>\n<\/table>\n","protected":false},"excerpt":{"rendered":"Externenpr\u00fcfung &#8211; Kaufmann im Einzelhandel &#8211; Verk\u00e4ufer \u00a0Externen Pr\u00fcfung IHK Grundlagen . Qualifikation . Verkauf Bestandsaufnahme der beruflichen Situation und Entwicklung einer Ausbildungsstrategie. Eignungsfeststellung Eine daraufhin zielgerichtete Optimierung der Bewerbungsunterlagen und Selbstpr\u00e4sentation Online Stellensuche und Bewerbung Umgang und Nutzung der Jobb\u00f6rse Systematische Recherche, Marktchancen bei Besch\u00e4ftigungschancen bei potentiellen Arbeitgebern erschlie\u00dfen, Herstellung von Kontakten zu potenziellen ","protected":false},"author":1,"featured_media":1306,"parent":41,"menu_order":0,"comment_status":"open","ping_status":"open","template":"","meta":{"footnotes":""},"class_list":["post-362","page","type-page","status-publish","has-post-thumbnail","hentry"],"yoast_head":"<!-- This site is optimized with the Yoast SEO plugin v23.1 - https:\/\/yoast.com\/wordpress\/plugins\/seo\/ -->\n<title>Kaufleute im Einzelhandel und Verk\u00e4ufer-in - gaertner hkk<\/title>\n<meta name=\"robots\" content=\"index, follow, max-snippet:-1, max-image-preview:large, max-video-preview:-1\" \/>\n<link rel=\"canonical\" href=\"http:\/\/kommunikation.gaertnerhkk.de\/?page_id=362\" \/>\n<meta property=\"og:locale\" content=\"de_DE\" \/>\n<meta property=\"og:type\" content=\"article\" \/>\n<meta property=\"og:title\" content=\"Kaufleute im Einzelhandel und Verk\u00e4ufer-in - gaertner hkk\" \/>\n<meta property=\"og:description\" content=\"Externenpr\u00fcfung &#8211; Kaufmann im Einzelhandel &#8211; Verk\u00e4ufer \u00a0Externen Pr\u00fcfung IHK Grundlagen . Qualifikation . Verkauf Bestandsaufnahme der beruflichen Situation und Entwicklung einer Ausbildungsstrategie. Eignungsfeststellung Eine daraufhin zielgerichtete Optimierung der Bewerbungsunterlagen und Selbstpr\u00e4sentation Online Stellensuche und Bewerbung Umgang und Nutzung der Jobb\u00f6rse Systematische Recherche, Marktchancen bei Besch\u00e4ftigungschancen bei potentiellen Arbeitgebern erschlie\u00dfen, Herstellung von Kontakten zu potenziellen\" \/>\n<meta property=\"og:url\" content=\"http:\/\/kommunikation.gaertnerhkk.de\/?page_id=362\" \/>\n<meta property=\"og:site_name\" content=\"gaertner hkk\" \/>\n<meta property=\"article:publisher\" content=\"https:\/\/www.facebook.com\/gaertnerhkk.de\" \/>\n<meta property=\"article:modified_time\" content=\"2016-07-27T10:25:00+00:00\" \/>\n<meta property=\"og:image\" content=\"http:\/\/kommunikation.gaertnerhkk.de\/wp-content\/uploads\/2016\/07\/Header-2a-1-e1469528943593.jpg\" \/>\n\t<meta property=\"og:image:width\" content=\"1332\" \/>\n\t<meta property=\"og:image:height\" content=\"466\" \/>\n\t<meta property=\"og:image:type\" content=\"image\/jpeg\" \/>\n<meta name=\"twitter:card\" content=\"summary_large_image\" \/>\n<meta name=\"twitter:label1\" content=\"Gesch\u00e4tzte Lesezeit\" \/>\n\t<meta name=\"twitter:data1\" content=\"1 Minute\" \/>\n<script type=\"application\/ld+json\" class=\"yoast-schema-graph\">{\"@context\":\"https:\/\/schema.org\",\"@graph\":[{\"@type\":\"WebPage\",\"@id\":\"http:\/\/kommunikation.gaertnerhkk.de\/?page_id=362\",\"url\":\"http:\/\/kommunikation.gaertnerhkk.de\/?page_id=362\",\"name\":\"Kaufleute im Einzelhandel und Verk\u00e4ufer-in - gaertner hkk\",\"isPartOf\":{\"@id\":\"http:\/\/kommunikation.gaertnerhkk.de\/#website\"},\"primaryImageOfPage\":{\"@id\":\"http:\/\/kommunikation.gaertnerhkk.de\/?page_id=362#primaryimage\"},\"image\":{\"@id\":\"http:\/\/kommunikation.gaertnerhkk.de\/?page_id=362#primaryimage\"},\"thumbnailUrl\":\"http:\/\/kommunikation.gaertnerhkk.de\/wp-content\/uploads\/2016\/07\/Header-2a-1-e1469528943593.jpg\",\"datePublished\":\"2015-06-26T13:27:14+00:00\",\"dateModified\":\"2016-07-27T10:25:00+00:00\",\"breadcrumb\":{\"@id\":\"http:\/\/kommunikation.gaertnerhkk.de\/?page_id=362#breadcrumb\"},\"inLanguage\":\"de-DE\",\"potentialAction\":[{\"@type\":\"ReadAction\",\"target\":[\"http:\/\/kommunikation.gaertnerhkk.de\/?page_id=362\"]}]},{\"@type\":\"ImageObject\",\"inLanguage\":\"de-DE\",\"@id\":\"http:\/\/kommunikation.gaertnerhkk.de\/?page_id=362#primaryimage\",\"url\":\"http:\/\/kommunikation.gaertnerhkk.de\/wp-content\/uploads\/2016\/07\/Header-2a-1-e1469528943593.jpg\",\"contentUrl\":\"http:\/\/kommunikation.gaertnerhkk.de\/wp-content\/uploads\/2016\/07\/Header-2a-1-e1469528943593.jpg\",\"width\":1332,\"height\":466},{\"@type\":\"BreadcrumbList\",\"@id\":\"http:\/\/kommunikation.gaertnerhkk.de\/?page_id=362#breadcrumb\",\"itemListElement\":[{\"@type\":\"ListItem\",\"position\":1,\"name\":\"Home\",\"item\":\"http:\/\/kommunikation.gaertnerhkk.de\/\"},{\"@type\":\"ListItem\",\"position\":2,\"name\":\"Angebot\",\"item\":\"http:\/\/kommunikation.gaertnerhkk.de\/?page_id=41\"},{\"@type\":\"ListItem\",\"position\":3,\"name\":\"Kaufleute im Einzelhandel und Verk\u00e4ufer-in\"}]},{\"@type\":\"WebSite\",\"@id\":\"http:\/\/kommunikation.gaertnerhkk.de\/#website\",\"url\":\"http:\/\/kommunikation.gaertnerhkk.de\/\",\"name\":\"gaertner hkk\",\"description\":\"Bildungsmanufaktur\",\"potentialAction\":[{\"@type\":\"SearchAction\",\"target\":{\"@type\":\"EntryPoint\",\"urlTemplate\":\"http:\/\/kommunikation.gaertnerhkk.de\/?s={search_term_string}\"},\"query-input\":\"required name=search_term_string\"}],\"inLanguage\":\"de-DE\"}]}<\/script>\n<!-- \/ Yoast SEO plugin. -->","yoast_head_json":{"title":"Kaufleute im Einzelhandel und Verk\u00e4ufer-in - gaertner hkk","robots":{"index":"index","follow":"follow","max-snippet":"max-snippet:-1","max-image-preview":"max-image-preview:large","max-video-preview":"max-video-preview:-1"},"canonical":"http:\/\/kommunikation.gaertnerhkk.de\/?page_id=362","og_locale":"de_DE","og_type":"article","og_title":"Kaufleute im Einzelhandel und Verk\u00e4ufer-in - gaertner hkk","og_description":"Externenpr\u00fcfung &#8211; Kaufmann im Einzelhandel &#8211; Verk\u00e4ufer \u00a0Externen Pr\u00fcfung IHK Grundlagen . Qualifikation . Verkauf Bestandsaufnahme der beruflichen Situation und Entwicklung einer Ausbildungsstrategie. Eignungsfeststellung Eine daraufhin zielgerichtete Optimierung der Bewerbungsunterlagen und Selbstpr\u00e4sentation Online Stellensuche und Bewerbung Umgang und Nutzung der Jobb\u00f6rse Systematische Recherche, Marktchancen bei Besch\u00e4ftigungschancen bei potentiellen Arbeitgebern erschlie\u00dfen, Herstellung von Kontakten zu potenziellen","og_url":"http:\/\/kommunikation.gaertnerhkk.de\/?page_id=362","og_site_name":"gaertner hkk","article_publisher":"https:\/\/www.facebook.com\/gaertnerhkk.de","article_modified_time":"2016-07-27T10:25:00+00:00","og_image":[{"width":1332,"height":466,"url":"http:\/\/kommunikation.gaertnerhkk.de\/wp-content\/uploads\/2016\/07\/Header-2a-1-e1469528943593.jpg","type":"image\/jpeg"}],"twitter_card":"summary_large_image","twitter_misc":{"Gesch\u00e4tzte Lesezeit":"1 Minute"},"schema":{"@context":"https:\/\/schema.org","@graph":[{"@type":"WebPage","@id":"http:\/\/kommunikation.gaertnerhkk.de\/?page_id=362","url":"http:\/\/kommunikation.gaertnerhkk.de\/?page_id=362","name":"Kaufleute im Einzelhandel und Verk\u00e4ufer-in - gaertner hkk","isPartOf":{"@id":"http:\/\/kommunikation.gaertnerhkk.de\/#website"},"primaryImageOfPage":{"@id":"http:\/\/kommunikation.gaertnerhkk.de\/?page_id=362#primaryimage"},"image":{"@id":"http:\/\/kommunikation.gaertnerhkk.de\/?page_id=362#primaryimage"},"thumbnailUrl":"http:\/\/kommunikation.gaertnerhkk.de\/wp-content\/uploads\/2016\/07\/Header-2a-1-e1469528943593.jpg","datePublished":"2015-06-26T13:27:14+00:00","dateModified":"2016-07-27T10:25:00+00:00","breadcrumb":{"@id":"http:\/\/kommunikation.gaertnerhkk.de\/?page_id=362#breadcrumb"},"inLanguage":"de-DE","potentialAction":[{"@type":"ReadAction","target":["http:\/\/kommunikation.gaertnerhkk.de\/?page_id=362"]}]},{"@type":"ImageObject","inLanguage":"de-DE","@id":"http:\/\/kommunikation.gaertnerhkk.de\/?page_id=362#primaryimage","url":"http:\/\/kommunikation.gaertnerhkk.de\/wp-content\/uploads\/2016\/07\/Header-2a-1-e1469528943593.jpg","contentUrl":"http:\/\/kommunikation.gaertnerhkk.de\/wp-content\/uploads\/2016\/07\/Header-2a-1-e1469528943593.jpg","width":1332,"height":466},{"@type":"BreadcrumbList","@id":"http:\/\/kommunikation.gaertnerhkk.de\/?page_id=362#breadcrumb","itemListElement":[{"@type":"ListItem","position":1,"name":"Home","item":"http:\/\/kommunikation.gaertnerhkk.de\/"},{"@type":"ListItem","position":2,"name":"Angebot","item":"http:\/\/kommunikation.gaertnerhkk.de\/?page_id=41"},{"@type":"ListItem","position":3,"name":"Kaufleute im Einzelhandel und Verk\u00e4ufer-in"}]},{"@type":"WebSite","@id":"http:\/\/kommunikation.gaertnerhkk.de\/#website","url":"http:\/\/kommunikation.gaertnerhkk.de\/","name":"gaertner hkk","description":"Bildungsmanufaktur","potentialAction":[{"@type":"SearchAction","target":{"@type":"EntryPoint","urlTemplate":"http:\/\/kommunikation.gaertnerhkk.de\/?s={search_term_string}"},"query-input":"required name=search_term_string"}],"inLanguage":"de-DE"}]}},"_links":{"self":[{"href":"http:\/\/kommunikation.gaertnerhkk.de\/index.php?rest_route=\/wp\/v2\/pages\/362"}],"collection":[{"href":"http:\/\/kommunikation.gaertnerhkk.de\/index.php?rest_route=\/wp\/v2\/pages"}],"about":[{"href":"http:\/\/kommunikation.gaertnerhkk.de\/index.php?rest_route=\/wp\/v2\/types\/page"}],"author":[{"embeddable":true,"href":"http:\/\/kommunikation.gaertnerhkk.de\/index.php?rest_route=\/wp\/v2\/users\/1"}],"replies":[{"embeddable":true,"href":"http:\/\/kommunikation.gaertnerhkk.de\/index.php?rest_route=%2Fwp%2Fv2%2Fcomments&post=362"}],"version-history":[{"count":18,"href":"http:\/\/kommunikation.gaertnerhkk.de\/index.php?rest_route=\/wp\/v2\/pages\/362\/revisions"}],"predecessor-version":[{"id":365,"href":"http:\/\/kommunikation.gaertnerhkk.de\/index.php?rest_route=\/wp\/v2\/pages\/362\/revisions\/365"}],"up":[{"embeddable":true,"href":"http:\/\/kommunikation.gaertnerhkk.de\/index.php?rest_route=\/wp\/v2\/pages\/41"}],"wp:featuredmedia":[{"embeddable":true,"href":"http:\/\/kommunikation.gaertnerhkk.de\/index.php?rest_route=\/wp\/v2\/media\/1306"}],"wp:attachment":[{"href":"http:\/\/kommunikation.gaertnerhkk.de\/index.php?rest_route=%2Fwp%2Fv2%2Fmedia&parent=362"}],"curies":[{"name":"wp","href":"https:\/\/api.w.org\/{rel}","templated":true}]}}