{"id":377,"date":"2015-06-26T13:44:15","date_gmt":"2015-06-26T13:44:15","guid":{"rendered":"http:\/\/kommunikation.gaertnerhkk.de\/?page_id=377"},"modified":"2016-07-27T10:07:31","modified_gmt":"2016-07-27T10:07:31","slug":"fachlagerist-in-und-fachkraft-fuer-lagerlogistik","status":"publish","type":"page","link":"http:\/\/kommunikation.gaertnerhkk.de\/?page_id=377","title":{"rendered":"Fachlagerist-in und   Fachkraft f\u00fcr Lagerlogistik"},"content":{"rendered":"<table style=\"height: 773px;\" border=\"0\" width=\"1500\" cellspacing=\"0\" cellpadding=\"5\">\n<tbody>\n<tr>\n<td><\/td>\n<td><b>Entwicklung<\/b><b> einer Erfolg versprechenden Arbeitsmarktintegration<\/b><\/td>\n<\/tr>\n<tr>\n<td><\/td>\n<td><\/td>\n<td><b><b>\u00a0<\/b><\/b><\/p>\n<p class=\"hide-if-no-js\"><a id=\"set-post-thumbnail\" class=\"thickbox\" href=\"http:\/\/kommunikation.gaertnerhkk.de\/wp-admin\/media-upload.php?post_id=377&amp;type=image&amp;TB_iframe=1\"><img loading=\"lazy\" decoding=\"async\" class=\"attachment-266x266 size-266x266\" src=\"http:\/\/kommunikation.gaertnerhkk.de\/wp-content\/uploads\/2016\/07\/Header-2a-1-768x269.jpg\" sizes=\"(max-width: 266px) 100vw, 266px\" srcset=\"http:\/\/kommunikation.gaertnerhkk.de\/wp-content\/uploads\/2016\/07\/Header-2a-1-768x269.jpg 768w, http:\/\/kommunikation.gaertnerhkk.de\/wp-content\/uploads\/2016\/07\/Header-2a-1-300x105.jpg 300w, http:\/\/kommunikation.gaertnerhkk.de\/wp-content\/uploads\/2016\/07\/Header-2a-1-1024x358.jpg 1024w, http:\/\/kommunikation.gaertnerhkk.de\/wp-content\/uploads\/2016\/07\/Header-2a-1-e1469528943593.jpg 1332w\" alt=\"Header 2a\" width=\"266\" height=\"93\" \/><\/a><\/p>\n<\/td>\n<td bgcolor=\"#AA0000\"><\/td>\n<\/tr>\n<tr>\n<td><\/td>\n<td bgcolor=\"#AA0000\">\u00a0<strong><span style=\"color: #ffffff;\">Externenpr\u00fcfung IHK<\/span><\/strong><\/td>\n<td><b><b>\u00a0<\/b><\/b><\/p>\n<p class=\"hide-if-no-js\">\n<p><b><\/b><\/td>\n<td bgcolor=\"#A8A79F\"><\/td>\n<\/tr>\n<tr>\n<td bgcolor=\"#D7D6CA\"><\/td>\n<td colspan=\"2\"><b>Bestandsaufnahme der beruflichen Situation und\u00a0<\/b><b><\/b><\/td>\n<td><\/td>\n<\/tr>\n<tr>\n<td><\/td>\n<td align=\"left\" valign=\"top\">\n<ul type=\"square\">\n<li>Eignungsfeststellung<\/li>\n<li>Eine daraufhin zielgerichtete Optimierung<br \/>\nder Bewerbungsunterlagen und Selbstpr\u00e4sentation<\/li>\n<li>Online Stellensuche und Bewerbung<\/li>\n<li>Umgang und Nutzung der Jobb\u00f6rse<\/li>\n<li>Systematische Recherche, Marktchancen bei Besch\u00e4ftigungschancen bei potentiellen Arbeitgebern erschlie\u00dfen, Herstellung von Kontakten zu potenziellen Arbeitgebern<\/li>\n<li>Erarbeitung alternativer Bewerbungsstrategien<\/li>\n<\/ul>\n<p>&nbsp;<\/p>\n<p>&nbsp;<\/p>\n<p>&nbsp;<\/p>\n<table border=\"0\" width=\"100%\" cellspacing=\"0\" cellpadding=\"5\">\n<tbody>\n<tr>\n<td colspan=\"3\"><b>Fachtheorie:<\/b><b><br \/>\n<\/b><b>Individuelle Zusammenstellung aufgrund des vorhandenen und noch zu erwerbendem Fachwissen.<\/b><b>Grundlage: Rahmenausbildungsplan\u00a0<\/b><b> <\/b>640 UE \u2013 Fachlagerist \/ 920 UE Fachkraft f\u00fcr Lagerlogistik (Externenpr\u00fcfung)<strong>F\u00f6rderung durch die Agentur f\u00fcr Arbeit, JobCenter, sonstige Tr\u00e4ger m\u00f6glich<\/strong>&nbsp;<\/td>\n<td><\/td>\n<\/tr>\n<tr>\n<td bgcolor=\"#A8A79F\"><\/td>\n<td colspan=\"2\" align=\"center\" valign=\"middle\"><strong>Termine:<\/strong>Rufen Sie uns an: <strong>0 68 31 \u2013 5 00 37 56<\/strong> oder hinterlassen Sie uns eine Nachricht \u00fcber das <a href=\"http:\/\/kommunikation.gaertnerhkk.de\/?page_id=464\">Kontaktformular<\/a><\/td>\n<\/tr>\n<\/tbody>\n<\/table>\n<\/td>\n<td>Vorbereitung, Planung und Training von Vorstellungsgespr\u00e4chen mit Berufsknigge<\/p>\n<ul type=\"square\">\n<li>\u00a0Schl\u00fcsselqualifikationen, Softskills<\/li>\n<li>Grundlegende praxisorientierte EDV-Schulung<\/li>\n<li>Grundlagen MS-Office: Textverarbeitung mit WORD, Tabellenkalkulation mit EXCEL, Grundlagen Outlook\/Internet<\/li>\n<li>Individuelles Coaching und Unterst\u00fctzung bei allen beruflichen und pers\u00f6nlichen Fragen.<\/li>\n<li>Gezielte Berufsf\u00f6rderung und die Vermittlung von Fachtheorie*<\/li>\n<li>Entwicklung von Fachtheorie aus vorhandenem fachpraktischen Wissen<\/li>\n<li>Aktualisierung des Fachwissens<\/li>\n<li>Sprachf\u00f6rderung in Wort<\/li>\n<li>und Schrift<\/li>\n<li>Verringerung der Hilfebed\u00fcrftigkeit durch nachhaltige Selbstlernkonzepte<\/li>\n<\/ul>\n<p>&nbsp;<\/p>\n<p>&nbsp;<\/p>\n<p class=\"hide-if-no-js\"><a id=\"set-post-thumbnail\" class=\"thickbox\" href=\"http:\/\/kommunikation.gaertnerhkk.de\/wp-admin\/media-upload.php?post_id=377&amp;type=image&amp;TB_iframe=1\"><img loading=\"lazy\" decoding=\"async\" class=\"attachment-266x266 size-266x266\" src=\"http:\/\/kommunikation.gaertnerhkk.de\/wp-content\/uploads\/2016\/07\/Header-2a-1-768x269.jpg\" sizes=\"(max-width: 266px) 100vw, 266px\" srcset=\"http:\/\/kommunikation.gaertnerhkk.de\/wp-content\/uploads\/2016\/07\/Header-2a-1-768x269.jpg 768w, http:\/\/kommunikation.gaertnerhkk.de\/wp-content\/uploads\/2016\/07\/Header-2a-1-300x105.jpg 300w, http:\/\/kommunikation.gaertnerhkk.de\/wp-content\/uploads\/2016\/07\/Header-2a-1-1024x358.jpg 1024w, http:\/\/kommunikation.gaertnerhkk.de\/wp-content\/uploads\/2016\/07\/Header-2a-1-e1469528943593.jpg 1332w\" alt=\"Header 2a\" width=\"266\" height=\"93\" \/><\/a><\/p>\n<p>&nbsp;<\/p>\n<p>&nbsp;<\/td>\n<\/tr>\n<\/tbody>\n<\/table>\n","protected":false},"excerpt":{"rendered":"Entwicklung einer Erfolg versprechenden Arbeitsmarktintegration \u00a0 \u00a0Externenpr\u00fcfung IHK \u00a0 Bestandsaufnahme der beruflichen Situation und\u00a0 Eignungsfeststellung Eine daraufhin zielgerichtete Optimierung der Bewerbungsunterlagen und Selbstpr\u00e4sentation Online Stellensuche und Bewerbung Umgang und Nutzung der Jobb\u00f6rse Systematische Recherche, Marktchancen bei Besch\u00e4ftigungschancen bei potentiellen Arbeitgebern erschlie\u00dfen, Herstellung von Kontakten zu potenziellen Arbeitgebern Erarbeitung alternativer Bewerbungsstrategien &nbsp; &nbsp; &nbsp; Fachtheorie: Individuelle ","protected":false},"author":1,"featured_media":1306,"parent":41,"menu_order":0,"comment_status":"open","ping_status":"open","template":"","meta":{"footnotes":""},"class_list":["post-377","page","type-page","status-publish","has-post-thumbnail","hentry"],"yoast_head":"<!-- This site is optimized with the Yoast SEO plugin v23.1 - https:\/\/yoast.com\/wordpress\/plugins\/seo\/ -->\n<title>Fachlagerist-in und  Fachkraft f\u00fcr Lagerlogistik - gaertner hkk<\/title>\n<meta name=\"robots\" content=\"index, follow, max-snippet:-1, max-image-preview:large, max-video-preview:-1\" \/>\n<link rel=\"canonical\" href=\"http:\/\/kommunikation.gaertnerhkk.de\/?page_id=377\" \/>\n<meta property=\"og:locale\" content=\"de_DE\" \/>\n<meta property=\"og:type\" content=\"article\" \/>\n<meta property=\"og:title\" content=\"Fachlagerist-in und  Fachkraft f\u00fcr Lagerlogistik - gaertner hkk\" \/>\n<meta property=\"og:description\" content=\"Entwicklung einer Erfolg versprechenden Arbeitsmarktintegration \u00a0 \u00a0Externenpr\u00fcfung IHK \u00a0 Bestandsaufnahme der beruflichen Situation und\u00a0 Eignungsfeststellung Eine daraufhin zielgerichtete Optimierung der Bewerbungsunterlagen und Selbstpr\u00e4sentation Online Stellensuche und Bewerbung Umgang und Nutzung der Jobb\u00f6rse Systematische Recherche, Marktchancen bei Besch\u00e4ftigungschancen bei potentiellen Arbeitgebern erschlie\u00dfen, Herstellung von Kontakten zu potenziellen Arbeitgebern Erarbeitung alternativer Bewerbungsstrategien &nbsp; &nbsp; &nbsp; Fachtheorie: Individuelle\" \/>\n<meta property=\"og:url\" content=\"http:\/\/kommunikation.gaertnerhkk.de\/?page_id=377\" \/>\n<meta property=\"og:site_name\" content=\"gaertner hkk\" \/>\n<meta property=\"article:publisher\" content=\"https:\/\/www.facebook.com\/gaertnerhkk.de\" \/>\n<meta property=\"article:modified_time\" content=\"2016-07-27T10:07:31+00:00\" \/>\n<meta property=\"og:image\" content=\"http:\/\/kommunikation.gaertnerhkk.de\/wp-content\/uploads\/2016\/07\/Header-2a-1-e1469528943593.jpg\" \/>\n\t<meta property=\"og:image:width\" content=\"1332\" \/>\n\t<meta property=\"og:image:height\" content=\"466\" \/>\n\t<meta property=\"og:image:type\" content=\"image\/jpeg\" \/>\n<meta name=\"twitter:card\" content=\"summary_large_image\" \/>\n<meta name=\"twitter:label1\" content=\"Gesch\u00e4tzte Lesezeit\" \/>\n\t<meta name=\"twitter:data1\" content=\"1 Minute\" \/>\n<script type=\"application\/ld+json\" class=\"yoast-schema-graph\">{\"@context\":\"https:\/\/schema.org\",\"@graph\":[{\"@type\":\"WebPage\",\"@id\":\"http:\/\/kommunikation.gaertnerhkk.de\/?page_id=377\",\"url\":\"http:\/\/kommunikation.gaertnerhkk.de\/?page_id=377\",\"name\":\"Fachlagerist-in und Fachkraft f\u00fcr Lagerlogistik - gaertner hkk\",\"isPartOf\":{\"@id\":\"http:\/\/kommunikation.gaertnerhkk.de\/#website\"},\"primaryImageOfPage\":{\"@id\":\"http:\/\/kommunikation.gaertnerhkk.de\/?page_id=377#primaryimage\"},\"image\":{\"@id\":\"http:\/\/kommunikation.gaertnerhkk.de\/?page_id=377#primaryimage\"},\"thumbnailUrl\":\"http:\/\/kommunikation.gaertnerhkk.de\/wp-content\/uploads\/2016\/07\/Header-2a-1-e1469528943593.jpg\",\"datePublished\":\"2015-06-26T13:44:15+00:00\",\"dateModified\":\"2016-07-27T10:07:31+00:00\",\"breadcrumb\":{\"@id\":\"http:\/\/kommunikation.gaertnerhkk.de\/?page_id=377#breadcrumb\"},\"inLanguage\":\"de-DE\",\"potentialAction\":[{\"@type\":\"ReadAction\",\"target\":[\"http:\/\/kommunikation.gaertnerhkk.de\/?page_id=377\"]}]},{\"@type\":\"ImageObject\",\"inLanguage\":\"de-DE\",\"@id\":\"http:\/\/kommunikation.gaertnerhkk.de\/?page_id=377#primaryimage\",\"url\":\"http:\/\/kommunikation.gaertnerhkk.de\/wp-content\/uploads\/2016\/07\/Header-2a-1-e1469528943593.jpg\",\"contentUrl\":\"http:\/\/kommunikation.gaertnerhkk.de\/wp-content\/uploads\/2016\/07\/Header-2a-1-e1469528943593.jpg\",\"width\":1332,\"height\":466},{\"@type\":\"BreadcrumbList\",\"@id\":\"http:\/\/kommunikation.gaertnerhkk.de\/?page_id=377#breadcrumb\",\"itemListElement\":[{\"@type\":\"ListItem\",\"position\":1,\"name\":\"Home\",\"item\":\"http:\/\/kommunikation.gaertnerhkk.de\/\"},{\"@type\":\"ListItem\",\"position\":2,\"name\":\"Angebot\",\"item\":\"http:\/\/kommunikation.gaertnerhkk.de\/?page_id=41\"},{\"@type\":\"ListItem\",\"position\":3,\"name\":\"Fachlagerist-in und Fachkraft f\u00fcr Lagerlogistik\"}]},{\"@type\":\"WebSite\",\"@id\":\"http:\/\/kommunikation.gaertnerhkk.de\/#website\",\"url\":\"http:\/\/kommunikation.gaertnerhkk.de\/\",\"name\":\"gaertner hkk\",\"description\":\"Bildungsmanufaktur\",\"potentialAction\":[{\"@type\":\"SearchAction\",\"target\":{\"@type\":\"EntryPoint\",\"urlTemplate\":\"http:\/\/kommunikation.gaertnerhkk.de\/?s={search_term_string}\"},\"query-input\":\"required name=search_term_string\"}],\"inLanguage\":\"de-DE\"}]}<\/script>\n<!-- \/ Yoast SEO plugin. -->","yoast_head_json":{"title":"Fachlagerist-in und  Fachkraft f\u00fcr Lagerlogistik - gaertner hkk","robots":{"index":"index","follow":"follow","max-snippet":"max-snippet:-1","max-image-preview":"max-image-preview:large","max-video-preview":"max-video-preview:-1"},"canonical":"http:\/\/kommunikation.gaertnerhkk.de\/?page_id=377","og_locale":"de_DE","og_type":"article","og_title":"Fachlagerist-in und  Fachkraft f\u00fcr Lagerlogistik - gaertner hkk","og_description":"Entwicklung einer Erfolg versprechenden Arbeitsmarktintegration \u00a0 \u00a0Externenpr\u00fcfung IHK \u00a0 Bestandsaufnahme der beruflichen Situation und\u00a0 Eignungsfeststellung Eine daraufhin zielgerichtete Optimierung der Bewerbungsunterlagen und Selbstpr\u00e4sentation Online Stellensuche und Bewerbung Umgang und Nutzung der Jobb\u00f6rse Systematische Recherche, Marktchancen bei Besch\u00e4ftigungschancen bei potentiellen Arbeitgebern erschlie\u00dfen, Herstellung von Kontakten zu potenziellen Arbeitgebern Erarbeitung alternativer Bewerbungsstrategien &nbsp; &nbsp; &nbsp; Fachtheorie: Individuelle","og_url":"http:\/\/kommunikation.gaertnerhkk.de\/?page_id=377","og_site_name":"gaertner hkk","article_publisher":"https:\/\/www.facebook.com\/gaertnerhkk.de","article_modified_time":"2016-07-27T10:07:31+00:00","og_image":[{"width":1332,"height":466,"url":"http:\/\/kommunikation.gaertnerhkk.de\/wp-content\/uploads\/2016\/07\/Header-2a-1-e1469528943593.jpg","type":"image\/jpeg"}],"twitter_card":"summary_large_image","twitter_misc":{"Gesch\u00e4tzte Lesezeit":"1 Minute"},"schema":{"@context":"https:\/\/schema.org","@graph":[{"@type":"WebPage","@id":"http:\/\/kommunikation.gaertnerhkk.de\/?page_id=377","url":"http:\/\/kommunikation.gaertnerhkk.de\/?page_id=377","name":"Fachlagerist-in und Fachkraft f\u00fcr Lagerlogistik - gaertner hkk","isPartOf":{"@id":"http:\/\/kommunikation.gaertnerhkk.de\/#website"},"primaryImageOfPage":{"@id":"http:\/\/kommunikation.gaertnerhkk.de\/?page_id=377#primaryimage"},"image":{"@id":"http:\/\/kommunikation.gaertnerhkk.de\/?page_id=377#primaryimage"},"thumbnailUrl":"http:\/\/kommunikation.gaertnerhkk.de\/wp-content\/uploads\/2016\/07\/Header-2a-1-e1469528943593.jpg","datePublished":"2015-06-26T13:44:15+00:00","dateModified":"2016-07-27T10:07:31+00:00","breadcrumb":{"@id":"http:\/\/kommunikation.gaertnerhkk.de\/?page_id=377#breadcrumb"},"inLanguage":"de-DE","potentialAction":[{"@type":"ReadAction","target":["http:\/\/kommunikation.gaertnerhkk.de\/?page_id=377"]}]},{"@type":"ImageObject","inLanguage":"de-DE","@id":"http:\/\/kommunikation.gaertnerhkk.de\/?page_id=377#primaryimage","url":"http:\/\/kommunikation.gaertnerhkk.de\/wp-content\/uploads\/2016\/07\/Header-2a-1-e1469528943593.jpg","contentUrl":"http:\/\/kommunikation.gaertnerhkk.de\/wp-content\/uploads\/2016\/07\/Header-2a-1-e1469528943593.jpg","width":1332,"height":466},{"@type":"BreadcrumbList","@id":"http:\/\/kommunikation.gaertnerhkk.de\/?page_id=377#breadcrumb","itemListElement":[{"@type":"ListItem","position":1,"name":"Home","item":"http:\/\/kommunikation.gaertnerhkk.de\/"},{"@type":"ListItem","position":2,"name":"Angebot","item":"http:\/\/kommunikation.gaertnerhkk.de\/?page_id=41"},{"@type":"ListItem","position":3,"name":"Fachlagerist-in und Fachkraft f\u00fcr Lagerlogistik"}]},{"@type":"WebSite","@id":"http:\/\/kommunikation.gaertnerhkk.de\/#website","url":"http:\/\/kommunikation.gaertnerhkk.de\/","name":"gaertner hkk","description":"Bildungsmanufaktur","potentialAction":[{"@type":"SearchAction","target":{"@type":"EntryPoint","urlTemplate":"http:\/\/kommunikation.gaertnerhkk.de\/?s={search_term_string}"},"query-input":"required name=search_term_string"}],"inLanguage":"de-DE"}]}},"_links":{"self":[{"href":"http:\/\/kommunikation.gaertnerhkk.de\/index.php?rest_route=\/wp\/v2\/pages\/377"}],"collection":[{"href":"http:\/\/kommunikation.gaertnerhkk.de\/index.php?rest_route=\/wp\/v2\/pages"}],"about":[{"href":"http:\/\/kommunikation.gaertnerhkk.de\/index.php?rest_route=\/wp\/v2\/types\/page"}],"author":[{"embeddable":true,"href":"http:\/\/kommunikation.gaertnerhkk.de\/index.php?rest_route=\/wp\/v2\/users\/1"}],"replies":[{"embeddable":true,"href":"http:\/\/kommunikation.gaertnerhkk.de\/index.php?rest_route=%2Fwp%2Fv2%2Fcomments&post=377"}],"version-history":[{"count":10,"href":"http:\/\/kommunikation.gaertnerhkk.de\/index.php?rest_route=\/wp\/v2\/pages\/377\/revisions"}],"predecessor-version":[{"id":380,"href":"http:\/\/kommunikation.gaertnerhkk.de\/index.php?rest_route=\/wp\/v2\/pages\/377\/revisions\/380"}],"up":[{"embeddable":true,"href":"http:\/\/kommunikation.gaertnerhkk.de\/index.php?rest_route=\/wp\/v2\/pages\/41"}],"wp:featuredmedia":[{"embeddable":true,"href":"http:\/\/kommunikation.gaertnerhkk.de\/index.php?rest_route=\/wp\/v2\/media\/1306"}],"wp:attachment":[{"href":"http:\/\/kommunikation.gaertnerhkk.de\/index.php?rest_route=%2Fwp%2Fv2%2Fmedia&parent=377"}],"curies":[{"name":"wp","href":"https:\/\/api.w.org\/{rel}","templated":true}]}}