{"id":540,"date":"2015-07-03T12:43:53","date_gmt":"2015-07-03T12:43:53","guid":{"rendered":"http:\/\/kommunikation.gaertnerhkk.de\/?page_id=540"},"modified":"2015-07-05T12:13:08","modified_gmt":"2015-07-05T12:13:08","slug":"externen-pruefung","status":"publish","type":"page","link":"http:\/\/kommunikation.gaertnerhkk.de\/?page_id=540","title":{"rendered":"Externen Pr\u00fcfung"},"content":{"rendered":"<p>Gem\u00e4\u00df \u00a7 45 Abs. 2 BBiG ist zur Abschlusspr\u00fcfung zuzulassen, wer nachweist, dass er mindestens das Eineinhalbfache der Zeit, die als Ausbildungszeit vorgeschrieben ist, in dem Beruf t\u00e4tig war, in dem er die Pr\u00fcfung ablegen will. Dabei gen\u00fcgt es nicht, dass irgendeine kaufm\u00e4nnische oder industriell-gewerbliche T\u00e4tigkeit nachgewiesen wird, sondern die bisher ausge\u00fcbte T\u00e4tigkeit muss das Berufsbild eines anerkannten Ausbildungsberufes erf\u00fcllen oder zu ihm in enger Beziehung stehen.<br \/>\nIn besonderen F\u00e4llen kann hiervon abgesehen werden, wenn durch Vorlage von Zeugnissen oder auf andere Weise glaubhaft dargetan wird, dass der Bewerber Kenntnisse und Fertigkeiten erworben hat, die die Zulassung zur Pr\u00fcfung rechtfertigen. Hier ist es erforderlich, dass die erworbenen Kenntnisse und Fertigkeiten dem verbindlichen Ausbildungsinhalt des Ausbildungsberufes, in dem die Pr\u00fcfung abgelegt werden soll, entsprechen.<br \/>\nGem\u00e4\u00df \u00a7 45 Abs. 3 BBiG ist zur Abschlusspr\u00fcfung auch zuzulassen, wer in einer berufsbildenden Schule oder einer sonstigen Einrichtung ausgebildet worden ist, wenn diese Ausbildung der Berufsausbildung in einem anerkannten Ausbildungsberuf entspricht und die Schule oder Einrichtung in der vom Bundesminister f\u00fcr Wirtschaft gem\u00e4\u00df \u00a7 45 Abs. 3 Satz 2 BBiG zu erlassenden Rechtsverordnung aufgef\u00fchrt ist (Vor Erlass dieser Verordnung ist eine Zulassung zur Abschlusspr\u00fcfung ohne praktische T\u00e4tigkeit im Sinne des \u00a7 45 Abs. 2 BBiG aufgrund der Bestimmungen der zur Zeit g\u00fcltigen Pr\u00fcfungsordnung nicht m\u00f6glich).<\/p>\n<p>&nbsp;<\/p>\n","protected":false},"excerpt":{"rendered":"Gem\u00e4\u00df \u00a7 45 Abs. 2 BBiG ist zur Abschlusspr\u00fcfung zuzulassen, wer nachweist, dass er mindestens das Eineinhalbfache der Zeit, die als Ausbildungszeit vorgeschrieben ist, in dem Beruf t\u00e4tig war, in dem er die Pr\u00fcfung ablegen will. Dabei gen\u00fcgt es nicht, dass irgendeine kaufm\u00e4nnische oder industriell-gewerbliche T\u00e4tigkeit nachgewiesen wird, sondern die bisher ausge\u00fcbte T\u00e4tigkeit muss das ","protected":false},"author":1,"featured_media":0,"parent":0,"menu_order":0,"comment_status":"open","ping_status":"open","template":"","meta":{"footnotes":""},"class_list":["post-540","page","type-page","status-publish","hentry"],"yoast_head":"<!-- This site is optimized with the Yoast SEO plugin v23.1 - https:\/\/yoast.com\/wordpress\/plugins\/seo\/ -->\n<title>Externen Pr\u00fcfung - gaertner hkk<\/title>\n<meta name=\"robots\" content=\"index, follow, max-snippet:-1, max-image-preview:large, max-video-preview:-1\" \/>\n<link rel=\"canonical\" href=\"http:\/\/kommunikation.gaertnerhkk.de\/?page_id=540\" \/>\n<meta property=\"og:locale\" content=\"de_DE\" \/>\n<meta property=\"og:type\" content=\"article\" \/>\n<meta property=\"og:title\" content=\"Externen Pr\u00fcfung - gaertner hkk\" \/>\n<meta property=\"og:description\" content=\"Gem\u00e4\u00df \u00a7 45 Abs. 2 BBiG ist zur Abschlusspr\u00fcfung zuzulassen, wer nachweist, dass er mindestens das Eineinhalbfache der Zeit, die als Ausbildungszeit vorgeschrieben ist, in dem Beruf t\u00e4tig war, in dem er die Pr\u00fcfung ablegen will. Dabei gen\u00fcgt es nicht, dass irgendeine kaufm\u00e4nnische oder industriell-gewerbliche T\u00e4tigkeit nachgewiesen wird, sondern die bisher ausge\u00fcbte T\u00e4tigkeit muss das\" \/>\n<meta property=\"og:url\" content=\"http:\/\/kommunikation.gaertnerhkk.de\/?page_id=540\" \/>\n<meta property=\"og:site_name\" content=\"gaertner hkk\" \/>\n<meta property=\"article:publisher\" content=\"https:\/\/www.facebook.com\/gaertnerhkk.de\" \/>\n<meta property=\"article:modified_time\" content=\"2015-07-05T12:13:08+00:00\" \/>\n<meta name=\"twitter:card\" content=\"summary_large_image\" \/>\n<meta name=\"twitter:label1\" content=\"Gesch\u00e4tzte Lesezeit\" \/>\n\t<meta name=\"twitter:data1\" content=\"1 Minute\" \/>\n<script type=\"application\/ld+json\" class=\"yoast-schema-graph\">{\"@context\":\"https:\/\/schema.org\",\"@graph\":[{\"@type\":\"WebPage\",\"@id\":\"http:\/\/kommunikation.gaertnerhkk.de\/?page_id=540\",\"url\":\"http:\/\/kommunikation.gaertnerhkk.de\/?page_id=540\",\"name\":\"Externen Pr\u00fcfung - gaertner hkk\",\"isPartOf\":{\"@id\":\"http:\/\/kommunikation.gaertnerhkk.de\/#website\"},\"datePublished\":\"2015-07-03T12:43:53+00:00\",\"dateModified\":\"2015-07-05T12:13:08+00:00\",\"breadcrumb\":{\"@id\":\"http:\/\/kommunikation.gaertnerhkk.de\/?page_id=540#breadcrumb\"},\"inLanguage\":\"de-DE\",\"potentialAction\":[{\"@type\":\"ReadAction\",\"target\":[\"http:\/\/kommunikation.gaertnerhkk.de\/?page_id=540\"]}]},{\"@type\":\"BreadcrumbList\",\"@id\":\"http:\/\/kommunikation.gaertnerhkk.de\/?page_id=540#breadcrumb\",\"itemListElement\":[{\"@type\":\"ListItem\",\"position\":1,\"name\":\"Home\",\"item\":\"http:\/\/kommunikation.gaertnerhkk.de\/\"},{\"@type\":\"ListItem\",\"position\":2,\"name\":\"Externen Pr\u00fcfung\"}]},{\"@type\":\"WebSite\",\"@id\":\"http:\/\/kommunikation.gaertnerhkk.de\/#website\",\"url\":\"http:\/\/kommunikation.gaertnerhkk.de\/\",\"name\":\"gaertner hkk\",\"description\":\"Bildungsmanufaktur\",\"potentialAction\":[{\"@type\":\"SearchAction\",\"target\":{\"@type\":\"EntryPoint\",\"urlTemplate\":\"http:\/\/kommunikation.gaertnerhkk.de\/?s={search_term_string}\"},\"query-input\":\"required name=search_term_string\"}],\"inLanguage\":\"de-DE\"}]}<\/script>\n<!-- \/ Yoast SEO plugin. -->","yoast_head_json":{"title":"Externen Pr\u00fcfung - gaertner hkk","robots":{"index":"index","follow":"follow","max-snippet":"max-snippet:-1","max-image-preview":"max-image-preview:large","max-video-preview":"max-video-preview:-1"},"canonical":"http:\/\/kommunikation.gaertnerhkk.de\/?page_id=540","og_locale":"de_DE","og_type":"article","og_title":"Externen Pr\u00fcfung - gaertner hkk","og_description":"Gem\u00e4\u00df \u00a7 45 Abs. 2 BBiG ist zur Abschlusspr\u00fcfung zuzulassen, wer nachweist, dass er mindestens das Eineinhalbfache der Zeit, die als Ausbildungszeit vorgeschrieben ist, in dem Beruf t\u00e4tig war, in dem er die Pr\u00fcfung ablegen will. Dabei gen\u00fcgt es nicht, dass irgendeine kaufm\u00e4nnische oder industriell-gewerbliche T\u00e4tigkeit nachgewiesen wird, sondern die bisher ausge\u00fcbte T\u00e4tigkeit muss das","og_url":"http:\/\/kommunikation.gaertnerhkk.de\/?page_id=540","og_site_name":"gaertner hkk","article_publisher":"https:\/\/www.facebook.com\/gaertnerhkk.de","article_modified_time":"2015-07-05T12:13:08+00:00","twitter_card":"summary_large_image","twitter_misc":{"Gesch\u00e4tzte Lesezeit":"1 Minute"},"schema":{"@context":"https:\/\/schema.org","@graph":[{"@type":"WebPage","@id":"http:\/\/kommunikation.gaertnerhkk.de\/?page_id=540","url":"http:\/\/kommunikation.gaertnerhkk.de\/?page_id=540","name":"Externen Pr\u00fcfung - gaertner hkk","isPartOf":{"@id":"http:\/\/kommunikation.gaertnerhkk.de\/#website"},"datePublished":"2015-07-03T12:43:53+00:00","dateModified":"2015-07-05T12:13:08+00:00","breadcrumb":{"@id":"http:\/\/kommunikation.gaertnerhkk.de\/?page_id=540#breadcrumb"},"inLanguage":"de-DE","potentialAction":[{"@type":"ReadAction","target":["http:\/\/kommunikation.gaertnerhkk.de\/?page_id=540"]}]},{"@type":"BreadcrumbList","@id":"http:\/\/kommunikation.gaertnerhkk.de\/?page_id=540#breadcrumb","itemListElement":[{"@type":"ListItem","position":1,"name":"Home","item":"http:\/\/kommunikation.gaertnerhkk.de\/"},{"@type":"ListItem","position":2,"name":"Externen Pr\u00fcfung"}]},{"@type":"WebSite","@id":"http:\/\/kommunikation.gaertnerhkk.de\/#website","url":"http:\/\/kommunikation.gaertnerhkk.de\/","name":"gaertner hkk","description":"Bildungsmanufaktur","potentialAction":[{"@type":"SearchAction","target":{"@type":"EntryPoint","urlTemplate":"http:\/\/kommunikation.gaertnerhkk.de\/?s={search_term_string}"},"query-input":"required name=search_term_string"}],"inLanguage":"de-DE"}]}},"_links":{"self":[{"href":"http:\/\/kommunikation.gaertnerhkk.de\/index.php?rest_route=\/wp\/v2\/pages\/540"}],"collection":[{"href":"http:\/\/kommunikation.gaertnerhkk.de\/index.php?rest_route=\/wp\/v2\/pages"}],"about":[{"href":"http:\/\/kommunikation.gaertnerhkk.de\/index.php?rest_route=\/wp\/v2\/types\/page"}],"author":[{"embeddable":true,"href":"http:\/\/kommunikation.gaertnerhkk.de\/index.php?rest_route=\/wp\/v2\/users\/1"}],"replies":[{"embeddable":true,"href":"http:\/\/kommunikation.gaertnerhkk.de\/index.php?rest_route=%2Fwp%2Fv2%2Fcomments&post=540"}],"version-history":[{"count":2,"href":"http:\/\/kommunikation.gaertnerhkk.de\/index.php?rest_route=\/wp\/v2\/pages\/540\/revisions"}],"predecessor-version":[{"id":543,"href":"http:\/\/kommunikation.gaertnerhkk.de\/index.php?rest_route=\/wp\/v2\/pages\/540\/revisions\/543"}],"wp:attachment":[{"href":"http:\/\/kommunikation.gaertnerhkk.de\/index.php?rest_route=%2Fwp%2Fv2%2Fmedia&parent=540"}],"curies":[{"name":"wp","href":"https:\/\/api.w.org\/{rel}","templated":true}]}}