{"id":630,"date":"2015-07-08T14:56:38","date_gmt":"2015-07-08T14:56:38","guid":{"rendered":"http:\/\/kommunikation.gaertnerhkk.de\/?page_id=630"},"modified":"2016-07-27T10:30:24","modified_gmt":"2016-07-27T10:30:24","slug":"profilpass-fuer-junge-menschen","status":"publish","type":"page","link":"http:\/\/kommunikation.gaertnerhkk.de\/?page_id=630","title":{"rendered":"ProfilPASS f\u00fcr junge Menschen"},"content":{"rendered":"<p><strong>Du kannst vielmehr, als Du glaubst!<a id=\"set-post-thumbnail\" class=\"thickbox\" href=\"http:\/\/kommunikation.gaertnerhkk.de\/wp-admin\/media-upload.php?post_id=630&amp;type=image&amp;TB_iframe=1\"><img loading=\"lazy\" decoding=\"async\" class=\"attachment-266x266 size-266x266 alignright\" src=\"http:\/\/kommunikation.gaertnerhkk.de\/wp-content\/uploads\/2016\/07\/Header-2a-1-768x269.jpg\" sizes=\"(max-width: 266px) 100vw, 266px\" srcset=\"http:\/\/kommunikation.gaertnerhkk.de\/wp-content\/uploads\/2016\/07\/Header-2a-1-768x269.jpg 768w, http:\/\/kommunikation.gaertnerhkk.de\/wp-content\/uploads\/2016\/07\/Header-2a-1-300x105.jpg 300w, http:\/\/kommunikation.gaertnerhkk.de\/wp-content\/uploads\/2016\/07\/Header-2a-1-1024x358.jpg 1024w, http:\/\/kommunikation.gaertnerhkk.de\/wp-content\/uploads\/2016\/07\/Header-2a-1-e1469528943593.jpg 1332w\" alt=\"Header 2a\" width=\"266\" height=\"93\" \/><\/a><\/strong><\/p>\n<p class=\"hide-if-no-js\">\n<p>Entdecke Deine pers\u00f6nlichen St\u00e4rken und Interessen mit dem<strong> ProfilPASS!<\/strong><\/p>\n<p>Im Mittelpunkt der ProfilPASS-Beratung stehen Deine F\u00e4higkeiten, die DU neben der Schule oder Ausbildung und in Deiner Freizeit, mit der Familie oder Freunden, oder im Verein erworben hast.<\/p>\n<p>&nbsp;<\/p>\n<p><img decoding=\"async\" class=\"alignleft\" src=\"http:\/\/www.profilpass-fuer-junge-menschen.de\/files\/ppj_banner.gif\" alt=\"http:\/\/www.profilpass-fuer-junge-menschen.de\/files\/ppj_banner.gif\" \/><\/p>\n<p>Die Besonderheit des Instruments ProfilPASS liegt darin, besch\u00e4ftigt sich frei von Zw\u00e4ngen und Erwartungen mit sich selber.<\/p>\n<p>Du lernst Dich besser kennen und findest leichter Deinen Weg &#8211; beruflich und privat.<\/p>\n<p>&nbsp;<\/p>\n<p><strong>Die Fragen:<\/strong><\/p>\n<ul>\n<li>Was interessiert mich?<\/li>\n<li>Was kann ich?<\/li>\n<li>Worin bin ich gut?<\/li>\n<\/ul>\n<p>Du wirst bei der Erkennung Deiner St\u00e4rken und der Formulierung eigener Ziele durch professionelle Beratung begleitet.<\/p>\n<p><strong>Worum geht es?<\/strong><\/p>\n<p>In der ProfilPASS-Beratung geht es um:<\/p>\n<ul>\n<li>Erkennen von St\u00e4rken und F\u00e4higkeiten<\/li>\n<li>Entwicklung einer realistischen Selbsteinsch\u00e4tzung<\/li>\n<li>Entscheidungshilfe bei der Berufswahl<\/li>\n<li>Vorbereitung auf Bewerbung und Vorstellungsgespr\u00e4che<\/li>\n<\/ul>\n<p><strong>Musterseiten<\/strong><\/p>\n<p class=\"hide-if-no-js\"><a id=\"set-post-thumbnail\" class=\"thickbox\" title=\"Beitragsbild festlegen\" href=\"http:\/\/kommunikation.gaertnerhkk.de\/wp-admin\/media-upload.php?post_id=613&amp;type=image&amp;TB_iframe=1\"><img loading=\"lazy\" decoding=\"async\" class=\"attachment-266x266 alignleft\" src=\"http:\/\/kommunikation.gaertnerhkk.de\/wp-content\/uploads\/2015\/07\/6001804_musterseeiten_web_Seite_01-248x300.jpg\" alt=\"6001804_musterseeiten_web_Seite_01\" width=\"220\" height=\"266\" \/><\/a><\/p>\n<p class=\"hide-if-no-js\"><a id=\"set-post-thumbnail\" class=\"thickbox\" title=\"Beitragsbild festlegen\" href=\"http:\/\/kommunikation.gaertnerhkk.de\/wp-admin\/media-upload.php?post_id=613&amp;type=image&amp;TB_iframe=1\"><img loading=\"lazy\" decoding=\"async\" class=\"attachment-266x266\" src=\"http:\/\/kommunikation.gaertnerhkk.de\/wp-content\/uploads\/2015\/07\/6001804_musterseeiten_web_Seite_08-212x300.jpg\" alt=\"6001804_musterseeiten_web_Seite_08\" width=\"188\" height=\"266\" \/><\/a><\/p>\n<p><strong>Termine:<\/strong><\/p>\n<p>Rufen Sie uns an: <strong>0 68 31 \u2013 5 00 37 56<\/strong> oder hinterlassen Sie uns eine Nachricht \u00fcber das<\/p>\n<p><a href=\"http:\/\/www.allela.de\/kontakt.html\" target=\"_blank\">Kontaktformular<\/a><\/p>\n<p><span class=\"cms_wysiwyg\">Der Direktlink zur YouTube-Playlist mit alle Videos zum ProfilPASS f\u00fcr junge Menschen lautet: <a href=\"http:\/\/www.youtube.com\/playlist?list=PL11CC8D0F15B2AE8F\" target=\"_blank\">http:\/\/www.youtube.com\/playlist?list=PL11CC8D0F15B2AE8F<\/a>.<\/span><\/p>\n","protected":false},"excerpt":{"rendered":"Du kannst vielmehr, als Du glaubst! Entdecke Deine pers\u00f6nlichen St\u00e4rken und Interessen mit dem ProfilPASS! Im Mittelpunkt der ProfilPASS-Beratung stehen Deine F\u00e4higkeiten, die DU neben der Schule oder Ausbildung und in Deiner Freizeit, mit der Familie oder Freunden, oder im Verein erworben hast. &nbsp; Die Besonderheit des Instruments ProfilPASS liegt darin, besch\u00e4ftigt sich frei von ","protected":false},"author":1,"featured_media":1306,"parent":41,"menu_order":0,"comment_status":"open","ping_status":"open","template":"","meta":{"footnotes":""},"class_list":["post-630","page","type-page","status-publish","has-post-thumbnail","hentry"],"yoast_head":"<!-- This site is optimized with the Yoast SEO plugin v23.1 - https:\/\/yoast.com\/wordpress\/plugins\/seo\/ -->\n<title>ProfilPASS f\u00fcr junge Menschen - gaertner hkk<\/title>\n<meta name=\"robots\" content=\"index, follow, max-snippet:-1, max-image-preview:large, max-video-preview:-1\" \/>\n<link rel=\"canonical\" href=\"http:\/\/kommunikation.gaertnerhkk.de\/?page_id=630\" \/>\n<meta property=\"og:locale\" content=\"de_DE\" \/>\n<meta property=\"og:type\" content=\"article\" \/>\n<meta property=\"og:title\" content=\"ProfilPASS f\u00fcr junge Menschen - gaertner hkk\" \/>\n<meta property=\"og:description\" content=\"Du kannst vielmehr, als Du glaubst! Entdecke Deine pers\u00f6nlichen St\u00e4rken und Interessen mit dem ProfilPASS! Im Mittelpunkt der ProfilPASS-Beratung stehen Deine F\u00e4higkeiten, die DU neben der Schule oder Ausbildung und in Deiner Freizeit, mit der Familie oder Freunden, oder im Verein erworben hast. &nbsp; Die Besonderheit des Instruments ProfilPASS liegt darin, besch\u00e4ftigt sich frei von\" \/>\n<meta property=\"og:url\" content=\"http:\/\/kommunikation.gaertnerhkk.de\/?page_id=630\" \/>\n<meta property=\"og:site_name\" content=\"gaertner hkk\" \/>\n<meta property=\"article:publisher\" content=\"https:\/\/www.facebook.com\/gaertnerhkk.de\" \/>\n<meta property=\"article:modified_time\" content=\"2016-07-27T10:30:24+00:00\" \/>\n<meta property=\"og:image\" content=\"http:\/\/kommunikation.gaertnerhkk.de\/wp-content\/uploads\/2016\/07\/Header-2a-1-e1469528943593.jpg\" \/>\n\t<meta property=\"og:image:width\" content=\"1332\" \/>\n\t<meta property=\"og:image:height\" content=\"466\" \/>\n\t<meta property=\"og:image:type\" content=\"image\/jpeg\" \/>\n<meta name=\"twitter:card\" content=\"summary_large_image\" \/>\n<meta name=\"twitter:label1\" content=\"Gesch\u00e4tzte Lesezeit\" \/>\n\t<meta name=\"twitter:data1\" content=\"1 Minute\" \/>\n<script type=\"application\/ld+json\" class=\"yoast-schema-graph\">{\"@context\":\"https:\/\/schema.org\",\"@graph\":[{\"@type\":\"WebPage\",\"@id\":\"http:\/\/kommunikation.gaertnerhkk.de\/?page_id=630\",\"url\":\"http:\/\/kommunikation.gaertnerhkk.de\/?page_id=630\",\"name\":\"ProfilPASS f\u00fcr junge Menschen - gaertner hkk\",\"isPartOf\":{\"@id\":\"http:\/\/kommunikation.gaertnerhkk.de\/#website\"},\"primaryImageOfPage\":{\"@id\":\"http:\/\/kommunikation.gaertnerhkk.de\/?page_id=630#primaryimage\"},\"image\":{\"@id\":\"http:\/\/kommunikation.gaertnerhkk.de\/?page_id=630#primaryimage\"},\"thumbnailUrl\":\"http:\/\/kommunikation.gaertnerhkk.de\/wp-content\/uploads\/2016\/07\/Header-2a-1-e1469528943593.jpg\",\"datePublished\":\"2015-07-08T14:56:38+00:00\",\"dateModified\":\"2016-07-27T10:30:24+00:00\",\"breadcrumb\":{\"@id\":\"http:\/\/kommunikation.gaertnerhkk.de\/?page_id=630#breadcrumb\"},\"inLanguage\":\"de-DE\",\"potentialAction\":[{\"@type\":\"ReadAction\",\"target\":[\"http:\/\/kommunikation.gaertnerhkk.de\/?page_id=630\"]}]},{\"@type\":\"ImageObject\",\"inLanguage\":\"de-DE\",\"@id\":\"http:\/\/kommunikation.gaertnerhkk.de\/?page_id=630#primaryimage\",\"url\":\"http:\/\/kommunikation.gaertnerhkk.de\/wp-content\/uploads\/2016\/07\/Header-2a-1-e1469528943593.jpg\",\"contentUrl\":\"http:\/\/kommunikation.gaertnerhkk.de\/wp-content\/uploads\/2016\/07\/Header-2a-1-e1469528943593.jpg\",\"width\":1332,\"height\":466},{\"@type\":\"BreadcrumbList\",\"@id\":\"http:\/\/kommunikation.gaertnerhkk.de\/?page_id=630#breadcrumb\",\"itemListElement\":[{\"@type\":\"ListItem\",\"position\":1,\"name\":\"Home\",\"item\":\"http:\/\/kommunikation.gaertnerhkk.de\/\"},{\"@type\":\"ListItem\",\"position\":2,\"name\":\"Angebot\",\"item\":\"http:\/\/kommunikation.gaertnerhkk.de\/?page_id=41\"},{\"@type\":\"ListItem\",\"position\":3,\"name\":\"ProfilPASS f\u00fcr junge Menschen\"}]},{\"@type\":\"WebSite\",\"@id\":\"http:\/\/kommunikation.gaertnerhkk.de\/#website\",\"url\":\"http:\/\/kommunikation.gaertnerhkk.de\/\",\"name\":\"gaertner hkk\",\"description\":\"Bildungsmanufaktur\",\"potentialAction\":[{\"@type\":\"SearchAction\",\"target\":{\"@type\":\"EntryPoint\",\"urlTemplate\":\"http:\/\/kommunikation.gaertnerhkk.de\/?s={search_term_string}\"},\"query-input\":\"required name=search_term_string\"}],\"inLanguage\":\"de-DE\"}]}<\/script>\n<!-- \/ Yoast SEO plugin. -->","yoast_head_json":{"title":"ProfilPASS f\u00fcr junge Menschen - gaertner hkk","robots":{"index":"index","follow":"follow","max-snippet":"max-snippet:-1","max-image-preview":"max-image-preview:large","max-video-preview":"max-video-preview:-1"},"canonical":"http:\/\/kommunikation.gaertnerhkk.de\/?page_id=630","og_locale":"de_DE","og_type":"article","og_title":"ProfilPASS f\u00fcr junge Menschen - gaertner hkk","og_description":"Du kannst vielmehr, als Du glaubst! Entdecke Deine pers\u00f6nlichen St\u00e4rken und Interessen mit dem ProfilPASS! Im Mittelpunkt der ProfilPASS-Beratung stehen Deine F\u00e4higkeiten, die DU neben der Schule oder Ausbildung und in Deiner Freizeit, mit der Familie oder Freunden, oder im Verein erworben hast. &nbsp; Die Besonderheit des Instruments ProfilPASS liegt darin, besch\u00e4ftigt sich frei von","og_url":"http:\/\/kommunikation.gaertnerhkk.de\/?page_id=630","og_site_name":"gaertner hkk","article_publisher":"https:\/\/www.facebook.com\/gaertnerhkk.de","article_modified_time":"2016-07-27T10:30:24+00:00","og_image":[{"width":1332,"height":466,"url":"http:\/\/kommunikation.gaertnerhkk.de\/wp-content\/uploads\/2016\/07\/Header-2a-1-e1469528943593.jpg","type":"image\/jpeg"}],"twitter_card":"summary_large_image","twitter_misc":{"Gesch\u00e4tzte Lesezeit":"1 Minute"},"schema":{"@context":"https:\/\/schema.org","@graph":[{"@type":"WebPage","@id":"http:\/\/kommunikation.gaertnerhkk.de\/?page_id=630","url":"http:\/\/kommunikation.gaertnerhkk.de\/?page_id=630","name":"ProfilPASS f\u00fcr junge Menschen - gaertner hkk","isPartOf":{"@id":"http:\/\/kommunikation.gaertnerhkk.de\/#website"},"primaryImageOfPage":{"@id":"http:\/\/kommunikation.gaertnerhkk.de\/?page_id=630#primaryimage"},"image":{"@id":"http:\/\/kommunikation.gaertnerhkk.de\/?page_id=630#primaryimage"},"thumbnailUrl":"http:\/\/kommunikation.gaertnerhkk.de\/wp-content\/uploads\/2016\/07\/Header-2a-1-e1469528943593.jpg","datePublished":"2015-07-08T14:56:38+00:00","dateModified":"2016-07-27T10:30:24+00:00","breadcrumb":{"@id":"http:\/\/kommunikation.gaertnerhkk.de\/?page_id=630#breadcrumb"},"inLanguage":"de-DE","potentialAction":[{"@type":"ReadAction","target":["http:\/\/kommunikation.gaertnerhkk.de\/?page_id=630"]}]},{"@type":"ImageObject","inLanguage":"de-DE","@id":"http:\/\/kommunikation.gaertnerhkk.de\/?page_id=630#primaryimage","url":"http:\/\/kommunikation.gaertnerhkk.de\/wp-content\/uploads\/2016\/07\/Header-2a-1-e1469528943593.jpg","contentUrl":"http:\/\/kommunikation.gaertnerhkk.de\/wp-content\/uploads\/2016\/07\/Header-2a-1-e1469528943593.jpg","width":1332,"height":466},{"@type":"BreadcrumbList","@id":"http:\/\/kommunikation.gaertnerhkk.de\/?page_id=630#breadcrumb","itemListElement":[{"@type":"ListItem","position":1,"name":"Home","item":"http:\/\/kommunikation.gaertnerhkk.de\/"},{"@type":"ListItem","position":2,"name":"Angebot","item":"http:\/\/kommunikation.gaertnerhkk.de\/?page_id=41"},{"@type":"ListItem","position":3,"name":"ProfilPASS f\u00fcr junge Menschen"}]},{"@type":"WebSite","@id":"http:\/\/kommunikation.gaertnerhkk.de\/#website","url":"http:\/\/kommunikation.gaertnerhkk.de\/","name":"gaertner hkk","description":"Bildungsmanufaktur","potentialAction":[{"@type":"SearchAction","target":{"@type":"EntryPoint","urlTemplate":"http:\/\/kommunikation.gaertnerhkk.de\/?s={search_term_string}"},"query-input":"required name=search_term_string"}],"inLanguage":"de-DE"}]}},"_links":{"self":[{"href":"http:\/\/kommunikation.gaertnerhkk.de\/index.php?rest_route=\/wp\/v2\/pages\/630"}],"collection":[{"href":"http:\/\/kommunikation.gaertnerhkk.de\/index.php?rest_route=\/wp\/v2\/pages"}],"about":[{"href":"http:\/\/kommunikation.gaertnerhkk.de\/index.php?rest_route=\/wp\/v2\/types\/page"}],"author":[{"embeddable":true,"href":"http:\/\/kommunikation.gaertnerhkk.de\/index.php?rest_route=\/wp\/v2\/users\/1"}],"replies":[{"embeddable":true,"href":"http:\/\/kommunikation.gaertnerhkk.de\/index.php?rest_route=%2Fwp%2Fv2%2Fcomments&post=630"}],"version-history":[{"count":8,"href":"http:\/\/kommunikation.gaertnerhkk.de\/index.php?rest_route=\/wp\/v2\/pages\/630\/revisions"}],"predecessor-version":[{"id":1379,"href":"http:\/\/kommunikation.gaertnerhkk.de\/index.php?rest_route=\/wp\/v2\/pages\/630\/revisions\/1379"}],"up":[{"embeddable":true,"href":"http:\/\/kommunikation.gaertnerhkk.de\/index.php?rest_route=\/wp\/v2\/pages\/41"}],"wp:featuredmedia":[{"embeddable":true,"href":"http:\/\/kommunikation.gaertnerhkk.de\/index.php?rest_route=\/wp\/v2\/media\/1306"}],"wp:attachment":[{"href":"http:\/\/kommunikation.gaertnerhkk.de\/index.php?rest_route=%2Fwp%2Fv2%2Fmedia&parent=630"}],"curies":[{"name":"wp","href":"https:\/\/api.w.org\/{rel}","templated":true}]}}